{"id":507,"date":"2013-01-25T14:45:00","date_gmt":"2013-01-25T14:45:00","guid":{"rendered":"http:\/\/lacetans.org\/solsonesmemoria\/?page_id=507"},"modified":"2014-04-12T11:52:27","modified_gmt":"2014-04-12T11:52:27","slug":"joan-fornell-i-espunya-un-liberal-en-terra-de-carlins-memories-de-joan-fornell-2006","status":"publish","type":"page","link":"http:\/\/lacetans.org\/solsonesmemoria\/publicacions\/joan-fornell-i-espunya-un-liberal-en-terra-de-carlins-memories-de-joan-fornell-2006\/","title":{"rendered":"Joan Fornell i Espunya. Un liberal en terra de carlins. Mem\u00f2ries de Joan Fornell. (2006)"},"content":{"rendered":"<div><blockquote class=\"testimoni-escrit\">De tant en tant tenim la sort que apareguin testimonis hist\u00f2rics escrits que ajuden a con\u00e8ixer millor aspectes del passat catal\u00e0. Aquestes troballes no sempre es produeixen en els centres arxiv\u00edstics o bibliogr\u00e0fics p\u00fablics que custodien el llegat documental catal\u00e0. En ocasions tenen lloc en els m\u00e9s diversos indrets de cases particulars, en les quals s\u2019han conservat, superant entrebancs de tota mena i transmesos de pares a fills durant moltes generacions, manuscrits en forma de dietari que expliquen, per a un \u00e0mbit local, problemes i fen\u00f2mens hist\u00f2rics d\u2019abast general.<br \/>\nAquest \u00e9s el cas del manuscrit de Joan Fornell i Espunya (1780-1864), un liberal que va ser v\u00edctima de la trag\u00e8dia de viure en un indret del pa\u00eds farcit durant moltes d\u00e8cades de sinistres personatges tocats per un esperit reaccionari dels m\u00e9s criminals que ha viscut Catalunya.\u201d\n<footer><cite>Presentaci\u00f3  de Jaume Sobrequ\u00e9s i Callic\u00f3.<\/cite><\/footer><\/blockquote><\/div>\n","protected":false},"excerpt":{"rendered":"","protected":false},"author":1,"featured_media":512,"parent":131,"menu_order":45,"comment_status":"closed","ping_status":"closed","template":"","meta":{"footnotes":""},"class_list":["post-507","page","type-page","status-publish","has-post-thumbnail","hentry"],"_links":{"self":[{"href":"http:\/\/lacetans.org\/solsonesmemoria\/wp-json\/wp\/v2\/pages\/507"}],"collection":[{"href":"http:\/\/lacetans.org\/solsonesmemoria\/wp-json\/wp\/v2\/pages"}],"about":[{"href":"http:\/\/lacetans.org\/solsonesmemoria\/wp-json\/wp\/v2\/types\/page"}],"author":[{"embeddable":true,"href":"http:\/\/lacetans.org\/solsonesmemoria\/wp-json\/wp\/v2\/users\/1"}],"replies":[{"embeddable":true,"href":"http:\/\/lacetans.org\/solsonesmemoria\/wp-json\/wp\/v2\/comments?post=507"}],"version-history":[{"count":10,"href":"http:\/\/lacetans.org\/solsonesmemoria\/wp-json\/wp\/v2\/pages\/507\/revisions"}],"predecessor-version":[{"id":1019,"href":"http:\/\/lacetans.org\/solsonesmemoria\/wp-json\/wp\/v2\/pages\/507\/revisions\/1019"}],"up":[{"embeddable":true,"href":"http:\/\/lacetans.org\/solsonesmemoria\/wp-json\/wp\/v2\/pages\/131"}],"wp:featuredmedia":[{"embeddable":true,"href":"http:\/\/lacetans.org\/solsonesmemoria\/wp-json\/wp\/v2\/media\/512"}],"wp:attachment":[{"href":"http:\/\/lacetans.org\/solsonesmemoria\/wp-json\/wp\/v2\/media?parent=507"}],"curies":[{"name":"wp","href":"https:\/\/api.w.org\/{rel}","templated":true}]}}