{"id":490,"date":"2013-01-25T14:36:03","date_gmt":"2013-01-25T14:36:03","guid":{"rendered":"http:\/\/lacetans.org\/solsonesmemoria\/?page_id=490"},"modified":"2014-04-12T11:52:27","modified_gmt":"2014-04-12T11:52:27","slug":"oppidum-6","status":"publish","type":"page","link":"http:\/\/lacetans.org\/solsonesmemoria\/publicacions\/oppidum-6\/","title":{"rendered":"Oppidum 6"},"content":{"rendered":"<p><b>Sumari<\/b><\/p>\n<p><b>5 <\/b><i>Les basses de Brics i l\u2019embassament de l\u2019Alsina. Els primers espais naturals<\/i><\/p>\n<p><i>del Solson\u00e8s amb un projecte de conservaci\u00f3 i cust\u00f2dia.<\/i><\/p>\n<p>Gl\u00f2ria Mujal, Dani Villero, David Guix\u00e9, Ferm\u00ed Sort, Mati Morales, N\u00faria Serena,<\/p>\n<p>Montse Rodr\u00edguez, Sara Vila, Joan Marcel\u00f3 i Marc Carrera.<\/p>\n<p><b>33 <\/b><i>Aparici\u00f3 de restes in\u00e8dites del castell de Granyena, el primer assentament<\/i><\/p>\n<p><i>templer en terres catalanes.<\/i><\/p>\n<p>Ramon Cardona i Colell<\/p>\n<p><b>47 <\/b><i>Els documents en pergam\u00ed del mas Miquel dels Quadrells<\/i>.<\/p>\n<p>Marc Torras i Serra<\/p>\n<p><b>77 <\/b><i>El molins de l\u2019abadia de Ripoll en els termes i parr\u00f2quies de Sorba i Gargall\u00e0<\/i><\/p>\n<p><i>(Montmajor, Bergued\u00e0) <\/i>.<\/p>\n<p>Andreu Galera i Pedrosa<\/p>\n<p><b>91 <\/b><i>Un salt d\u2019aigua, un salt en el temps: hist\u00f2ria d\u2019un mol\u00ed.<\/i><\/p>\n<p>Jordi Cardona i Regada<\/p>\n<p><b>103 <\/b><i>V\u00edctimes de la Guerra Civil i el franquisme al Solson\u00e8s (1936-1954)<\/i>.<\/p>\n<p>Esther Miralles i Henares, Jordi Guix\u00e9 i Coromines<\/p>\n<p><b>133 <\/b><i>Relats de dones: d\u2019Andalusia al Solson\u00e8s. Un projecte de reconstrucci\u00f3 de<\/i><\/p>\n<p><i>la mem\u00f2ria hist\u00f2rica.<\/i><\/p>\n<p>Maribel Bella i Orrit, Llu\u00efsa Camps i Sol\u00e9<\/p>\n","protected":false},"excerpt":{"rendered":"<p>Sumari 5 Les basses de Brics i l\u2019embassament de l\u2019Alsina. Els primers espais naturals del Solson\u00e8s amb un projecte de conservaci\u00f3 i cust\u00f2dia. Gl\u00f2ria Mujal, Dani Villero, David Guix\u00e9, Ferm\u00ed Sort, Mati Morales, N\u00faria Serena, Montse Rodr\u00edguez, Sara Vila, Joan Marcel\u00f3 i Marc Carrera. 33 Aparici\u00f3 de restes in\u00e8dites del castell de Granyena, el primer [&hellip;]<\/p>\n","protected":false},"author":1,"featured_media":491,"parent":131,"menu_order":19,"comment_status":"closed","ping_status":"closed","template":"","meta":{"footnotes":""},"class_list":["post-490","page","type-page","status-publish","has-post-thumbnail","hentry"],"_links":{"self":[{"href":"http:\/\/lacetans.org\/solsonesmemoria\/wp-json\/wp\/v2\/pages\/490"}],"collection":[{"href":"http:\/\/lacetans.org\/solsonesmemoria\/wp-json\/wp\/v2\/pages"}],"about":[{"href":"http:\/\/lacetans.org\/solsonesmemoria\/wp-json\/wp\/v2\/types\/page"}],"author":[{"embeddable":true,"href":"http:\/\/lacetans.org\/solsonesmemoria\/wp-json\/wp\/v2\/users\/1"}],"replies":[{"embeddable":true,"href":"http:\/\/lacetans.org\/solsonesmemoria\/wp-json\/wp\/v2\/comments?post=490"}],"version-history":[{"count":6,"href":"http:\/\/lacetans.org\/solsonesmemoria\/wp-json\/wp\/v2\/pages\/490\/revisions"}],"predecessor-version":[{"id":1010,"href":"http:\/\/lacetans.org\/solsonesmemoria\/wp-json\/wp\/v2\/pages\/490\/revisions\/1010"}],"up":[{"embeddable":true,"href":"http:\/\/lacetans.org\/solsonesmemoria\/wp-json\/wp\/v2\/pages\/131"}],"wp:featuredmedia":[{"embeddable":true,"href":"http:\/\/lacetans.org\/solsonesmemoria\/wp-json\/wp\/v2\/media\/491"}],"wp:attachment":[{"href":"http:\/\/lacetans.org\/solsonesmemoria\/wp-json\/wp\/v2\/media?parent=490"}],"curies":[{"name":"wp","href":"https:\/\/api.w.org\/{rel}","templated":true}]}}