{"id":482,"date":"2013-01-25T14:32:59","date_gmt":"2013-01-25T14:32:59","guid":{"rendered":"http:\/\/lacetans.org\/solsonesmemoria\/?page_id=482"},"modified":"2014-04-12T11:52:27","modified_gmt":"2014-04-12T11:52:27","slug":"oppidum-4","status":"publish","type":"page","link":"http:\/\/lacetans.org\/solsonesmemoria\/publicacions\/oppidum-4\/","title":{"rendered":"Oppidum 4"},"content":{"rendered":"<p><b>7 <\/b><i>Un rellotge aturat. Camins ramaders, esquelles, collars musicats i el<\/i><\/p>\n<p><i>llenguatge dels pastors<\/i><\/p>\n<p>Felip Vendrell<\/p>\n<p><b>15 <\/b><i>Espais d\u2019inter\u00e8s natural \u00a1 esp\u00e8cies de flora i fauna priorit\u00e0ries al Solson\u00e8s<\/i><\/p>\n<p>David Guix\u00e9, Rafael Rocaspana i Montse Rodr\u00edguez<\/p>\n<p><b>45 <\/b><i>Introducci\u00f3, assimilaci\u00f3 i control del conreu de la vinya i la producci\u00f3 vin\u00edcola<\/i><\/p>\n<p><i>a Catalunya: El cas del jaciment de la primera edat de ferro del Tur\u00f3 de<\/i><\/p>\n<p><i>la Font de la Canya (Avinyonet del Pened\u00e8s)<\/i><\/p>\n<p>Rafael Jornet i Niella, Dani L\u00f3pez i Reyes, Josep Pou \u00a1 Vall\u00e8s<\/p>\n<p><b>59 <\/b><i>La Uni\u00f3 d\u2019Armes del Ducat de Cardona contra lladres, malfactors i bandolers<\/i><\/p>\n<p><i>(1566)<\/i><\/p>\n<p>Andreu Galera i Pedrosa<\/p>\n<p><b>81 <\/b><i>Notes sobre els mestres de capella de la catedral de Solsona al segle XVIII<\/i><\/p>\n<p>Jordi Tasies i Planas<\/p>\n<p><b>99 <\/b><i>Un bisbe de Solsona, Fra. Francesc Dorda, desterrat despr\u00e9s de l\u201911 de<\/i><\/p>\n<p><i>setembre de 1714<\/i><\/p>\n<p>Enric Bartrina i Corominas<\/p>\n<p><b>109 <\/b><i>El bisbe Lasala en un temps controvertit<\/i><\/p>\n<p>Rafael P\u00e9rez i Cabanes<\/p>\n<p><b>119 <\/b><i>Escola, pol\u00edtica i control. L\u2019ensenyament p\u00fablic a Solsona a finals del segle<\/i><\/p>\n<p><i>XIX (1881-1900)<\/i><\/p>\n<p>Caries Quevedo \u00a1 Garcia<\/p>\n<p><b>135 <\/b><i>Cartes de Joan Serra i Vilar\u00f3 a Llu\u00eds Plandiura des del Museu Dioces\u00e0 de<\/i><\/p>\n<p><i>Solsona (1921-1922)<\/i><\/p>\n<p>Ramon Planes i Albets<\/p>\n<p><b>149 <\/b><i>La intervenci\u00f3 arqueol\u00f2gica al portal del pont i al pou de gel de Solsona<\/i><\/p>\n<p>Pere Cascante i Momella<\/p>\n","protected":false},"excerpt":{"rendered":"<p>7 Un rellotge aturat. Camins ramaders, esquelles, collars musicats i el llenguatge dels pastors Felip Vendrell 15 Espais d\u2019inter\u00e8s natural \u00a1 esp\u00e8cies de flora i fauna priorit\u00e0ries al Solson\u00e8s David Guix\u00e9, Rafael Rocaspana i Montse Rodr\u00edguez 45 Introducci\u00f3, assimilaci\u00f3 i control del conreu de la vinya i la producci\u00f3 vin\u00edcola a Catalunya: El cas del [&hellip;]<\/p>\n","protected":false},"author":1,"featured_media":483,"parent":131,"menu_order":21,"comment_status":"closed","ping_status":"closed","template":"","meta":{"footnotes":""},"class_list":["post-482","page","type-page","status-publish","has-post-thumbnail","hentry"],"_links":{"self":[{"href":"http:\/\/lacetans.org\/solsonesmemoria\/wp-json\/wp\/v2\/pages\/482"}],"collection":[{"href":"http:\/\/lacetans.org\/solsonesmemoria\/wp-json\/wp\/v2\/pages"}],"about":[{"href":"http:\/\/lacetans.org\/solsonesmemoria\/wp-json\/wp\/v2\/types\/page"}],"author":[{"embeddable":true,"href":"http:\/\/lacetans.org\/solsonesmemoria\/wp-json\/wp\/v2\/users\/1"}],"replies":[{"embeddable":true,"href":"http:\/\/lacetans.org\/solsonesmemoria\/wp-json\/wp\/v2\/comments?post=482"}],"version-history":[{"count":6,"href":"http:\/\/lacetans.org\/solsonesmemoria\/wp-json\/wp\/v2\/pages\/482\/revisions"}],"predecessor-version":[{"id":1012,"href":"http:\/\/lacetans.org\/solsonesmemoria\/wp-json\/wp\/v2\/pages\/482\/revisions\/1012"}],"up":[{"embeddable":true,"href":"http:\/\/lacetans.org\/solsonesmemoria\/wp-json\/wp\/v2\/pages\/131"}],"wp:featuredmedia":[{"embeddable":true,"href":"http:\/\/lacetans.org\/solsonesmemoria\/wp-json\/wp\/v2\/media\/483"}],"wp:attachment":[{"href":"http:\/\/lacetans.org\/solsonesmemoria\/wp-json\/wp\/v2\/media?parent=482"}],"curies":[{"name":"wp","href":"https:\/\/api.w.org\/{rel}","templated":true}]}}