{"id":478,"date":"2013-01-25T14:23:57","date_gmt":"2013-01-25T14:23:57","guid":{"rendered":"http:\/\/lacetans.org\/solsonesmemoria\/?page_id=478"},"modified":"2014-04-12T11:52:27","modified_gmt":"2014-04-12T11:52:27","slug":"oppidum-3","status":"publish","type":"page","link":"http:\/\/lacetans.org\/solsonesmemoria\/publicacions\/oppidum-3\/","title":{"rendered":"Oppidum 3"},"content":{"rendered":"<p><b>Sumari<\/b><\/p>\n<p><b>4 <\/b>Presentaci\u00f3<\/p>\n<p><b>7 <\/b><i>El conflicte de l\u2019Ateneu. El pal de paller de la reconquesta del poder municipal<\/i><\/p>\n<p><i>a Solsona durant el primer franquisme (1939-1945)<\/i><\/p>\n<p>Jordi Guix\u00e9 i Coromines<\/p>\n<p><b>23 <\/b><i>Els fons documentals judicials de Solsona conservats a I\u2019Arxiu Hist\u00f3ric<\/i><\/p>\n<p><i>Comarcal de Solsona<\/i><\/p>\n<p>Maite Pedrol Gim\u00e9nez<\/p>\n<p><b>35 <\/b><i>Els C\u00f3dol, barons de Canalda<\/i><\/p>\n<p>Manuel Rin i Rin<\/p>\n<p><b>43 <\/b><i>Solsona, I\u2019Escorial deis Comtes d\u2019Urgell<\/i><\/p>\n<p>Enric Bartrina<\/p>\n<p><b>51 <\/b><i>La vegetaci\u00f3 del Solson\u00e8s \u201cComunitats zonals\u201d<\/i><\/p>\n<p>David Guix\u00e9 i Coromines<\/p>\n<p><b>63 <\/b><i>Noves intervencions arqueol\u00f2giques a l\u2019assentament fortificat ilergeta dels<\/i><\/p>\n<p><i>Estinclells (Verd\u00fa, Urgell)<\/i><\/p>\n<p>David Asensio, Ramon Cardona, Conxita Ferrer, Jordi Morer, Josep Pon i Oriol<\/p>\n<p>Saula<\/p>\n<p><b>81 <\/b><i>La permuta del castell de Lladurs pel lloc de Moell (actual Pujol del Rac\u00f3 o<\/i><\/p>\n<p><i>de Mosoll) entre l\u2019abat de Sant Serni de Tav\u00e9rnoles i el vescomte de Cardona<\/i><\/p>\n<p><i>(any 1304)<\/i><\/p>\n<p>Andreu Galera i Pedrosa<\/p>\n<p><b>101 <\/b><i>La rellev\u00e0ncia territorial de les fires del Bancal de l\u2019Ar\u00e7 i ia Torregassa<\/i><\/p>\n<p>Enric Bertran i Gonz\u00e1lez<\/p>\n<p><b>113 <\/b><i>La construcci\u00f3 del monestir benedict\u00ed del Miracle i el mestre d\u2019obres<\/i><\/p>\n<p><i>Ramon<\/i><\/p>\n<p><i>Riera: aproximaci\u00f3 al seu estudi<\/i><\/p>\n<p>Maria Gargant\u00e9 Llanes<\/p>\n<p><b>123 <\/b><i>La comunitat de peixos del Solson\u00e9s<\/i><\/p>\n<p>Rafael Rocaspana i David Guix\u00e9<\/p>\n<p><b>133 <\/b><i>L\u2019harem gosol\u00e0 de Pablo Picasso<\/i><\/p>\n<p>Claustre Rafart i Planas<\/p>\n<p><b>141 <\/b><i>El \u201cResumen hist\u00f3rico de la guerra civil en el centro de la alta Catalu\u00f1a,<\/i><\/p>\n<p><i>concretado a los distritos de Cardona, Solsona y Berga (1835- 1838)\u201d de<\/i><\/p>\n<p><i>Ramon<\/i><\/p>\n<p><i>Franch i Font<\/i><\/p>\n<p>Ramon Planes Albets<\/p>\n<p><b>165 <\/b><i>Aportaci\u00f3 a la 1a Edat del Ferro de l\u2018interior i occident catal\u00e0<\/i><\/p>\n<p>Jordi P\u00e9rez i Conill, A. Ram\u00f3n Conill i Gran\u00e9<\/p>\n<p><b>173 <\/b><i>Torrats de sol<\/i><\/p>\n<p>Felip Vendrell<\/p>\n","protected":false},"excerpt":{"rendered":"<p>Sumari 4 Presentaci\u00f3 7 El conflicte de l\u2019Ateneu. El pal de paller de la reconquesta del poder municipal a Solsona durant el primer franquisme (1939-1945) Jordi Guix\u00e9 i Coromines 23 Els fons documentals judicials de Solsona conservats a I\u2019Arxiu Hist\u00f3ric Comarcal de Solsona Maite Pedrol Gim\u00e9nez 35 Els C\u00f3dol, barons de Canalda Manuel Rin i [&hellip;]<\/p>\n","protected":false},"author":1,"featured_media":479,"parent":131,"menu_order":23,"comment_status":"closed","ping_status":"closed","template":"","meta":{"footnotes":""},"class_list":["post-478","page","type-page","status-publish","has-post-thumbnail","hentry"],"_links":{"self":[{"href":"http:\/\/lacetans.org\/solsonesmemoria\/wp-json\/wp\/v2\/pages\/478"}],"collection":[{"href":"http:\/\/lacetans.org\/solsonesmemoria\/wp-json\/wp\/v2\/pages"}],"about":[{"href":"http:\/\/lacetans.org\/solsonesmemoria\/wp-json\/wp\/v2\/types\/page"}],"author":[{"embeddable":true,"href":"http:\/\/lacetans.org\/solsonesmemoria\/wp-json\/wp\/v2\/users\/1"}],"replies":[{"embeddable":true,"href":"http:\/\/lacetans.org\/solsonesmemoria\/wp-json\/wp\/v2\/comments?post=478"}],"version-history":[{"count":6,"href":"http:\/\/lacetans.org\/solsonesmemoria\/wp-json\/wp\/v2\/pages\/478\/revisions"}],"predecessor-version":[{"id":1013,"href":"http:\/\/lacetans.org\/solsonesmemoria\/wp-json\/wp\/v2\/pages\/478\/revisions\/1013"}],"up":[{"embeddable":true,"href":"http:\/\/lacetans.org\/solsonesmemoria\/wp-json\/wp\/v2\/pages\/131"}],"wp:featuredmedia":[{"embeddable":true,"href":"http:\/\/lacetans.org\/solsonesmemoria\/wp-json\/wp\/v2\/media\/479"}],"wp:attachment":[{"href":"http:\/\/lacetans.org\/solsonesmemoria\/wp-json\/wp\/v2\/media?parent=478"}],"curies":[{"name":"wp","href":"https:\/\/api.w.org\/{rel}","templated":true}]}}