{"id":379,"date":"2013-01-10T10:53:45","date_gmt":"2013-01-10T10:53:45","guid":{"rendered":"http:\/\/lacetans.org\/solsonesmemoria\/?page_id=379"},"modified":"2013-01-10T11:40:28","modified_gmt":"2013-01-10T11:40:28","slug":"natura","status":"publish","type":"page","link":"http:\/\/lacetans.org\/solsonesmemoria\/cel\/natura\/","title":{"rendered":"Natura"},"content":{"rendered":"<p>El grup de natura del Solson\u00e8s (GNS) t\u00e9 com a objectius principals estudiar, protegir i difondre els valors naturals de la comarca. \u00c9s un grup obert a totes aquelles persones que senten una estima o un inter\u00e8s per la natura i la volen con\u00e8ixer millor.<\/p>\n\n\t\t<style type=\"text\/css\">\n\t\t\t#gallery-1 {\n\t\t\t\tmargin: auto;\n\t\t\t}\n\t\t\t#gallery-1 .gallery-item {\n\t\t\t\tfloat: left;\n\t\t\t\tmargin-top: 10px;\n\t\t\t\ttext-align: center;\n\t\t\t\twidth: 33%;\n\t\t\t}\n\t\t\t#gallery-1 img {\n\t\t\t\tborder: 2px solid #cfcfcf;\n\t\t\t}\n\t\t\t#gallery-1 .gallery-caption {\n\t\t\t\tmargin-left: 0;\n\t\t\t}\n\t\t\t\/* see gallery_shortcode() in wp-includes\/media.php *\/\n\t\t<\/style>\n\t\t<div id='gallery-1' class='gallery galleryid-379 gallery-columns-3 gallery-size-thumbnail'><dl class='gallery-item'>\n\t\t\t<dt class='gallery-icon landscape'>\n\t\t\t\t<a href='http:\/\/lacetans.org\/solsonesmemoria\/cel\/natura\/logo_gns11\/'><img loading=\"lazy\" decoding=\"async\" width=\"180\" height=\"130\" src=\"http:\/\/lacetans.org\/solsonesmemoria\/wp-content\/uploads\/2013\/01\/logo_gns11-180x130.jpg\" class=\"attachment-thumbnail size-thumbnail\" alt=\"\" srcset=\"http:\/\/lacetans.org\/solsonesmemoria\/wp-content\/uploads\/2013\/01\/logo_gns11-180x130.jpg 180w, http:\/\/lacetans.org\/solsonesmemoria\/wp-content\/uploads\/2013\/01\/logo_gns11-345x249.jpg 345w, http:\/\/lacetans.org\/solsonesmemoria\/wp-content\/uploads\/2013\/01\/logo_gns11.jpg 663w\" sizes=\"(max-width: 180px) 100vw, 180px\" \/><\/a>\n\t\t\t<\/dt><\/dl><dl class='gallery-item'>\n\t\t\t<dt class='gallery-icon portrait'>\n\t\t\t\t<a href='http:\/\/lacetans.org\/solsonesmemoria\/cel\/natura\/gns2\/'><img loading=\"lazy\" decoding=\"async\" width=\"180\" height=\"240\" src=\"http:\/\/lacetans.org\/solsonesmemoria\/wp-content\/uploads\/2013\/01\/GNS2-180x240.jpg\" class=\"attachment-thumbnail size-thumbnail\" alt=\"\" srcset=\"http:\/\/lacetans.org\/solsonesmemoria\/wp-content\/uploads\/2013\/01\/GNS2-180x240.jpg 180w, http:\/\/lacetans.org\/solsonesmemoria\/wp-content\/uploads\/2013\/01\/GNS2-345x460.jpg 345w, http:\/\/lacetans.org\/solsonesmemoria\/wp-content\/uploads\/2013\/01\/GNS2.jpg 525w\" sizes=\"(max-width: 180px) 100vw, 180px\" \/><\/a>\n\t\t\t<\/dt><\/dl><dl class='gallery-item'>\n\t\t\t<dt class='gallery-icon portrait'>\n\t\t\t\t<a href='http:\/\/lacetans.org\/solsonesmemoria\/cel\/natura\/attachment\/121\/'><img loading=\"lazy\" decoding=\"async\" width=\"180\" height=\"269\" src=\"http:\/\/lacetans.org\/solsonesmemoria\/wp-content\/uploads\/2013\/01\/121-180x269.jpg\" class=\"attachment-thumbnail size-thumbnail\" alt=\"\" srcset=\"http:\/\/lacetans.org\/solsonesmemoria\/wp-content\/uploads\/2013\/01\/121-180x269.jpg 180w, http:\/\/lacetans.org\/solsonesmemoria\/wp-content\/uploads\/2013\/01\/121-345x516.jpg 345w, http:\/\/lacetans.org\/solsonesmemoria\/wp-content\/uploads\/2013\/01\/121.jpg 468w\" sizes=\"(max-width: 180px) 100vw, 180px\" \/><\/a>\n\t\t\t<\/dt><\/dl><br style=\"clear: both\" \/>\n\t\t<\/div>\n\n","protected":false},"excerpt":{"rendered":"<p>El grup de natura del Solson\u00e8s (GNS) t\u00e9 com a objectius principals estudiar, protegir i difondre els valors naturals de la comarca. \u00c9s un grup obert a totes aquelles persones que senten una estima o un inter\u00e8s per la natura i la volen con\u00e8ixer millor.<\/p>\n","protected":false},"author":1,"featured_media":0,"parent":128,"menu_order":3,"comment_status":"closed","ping_status":"closed","template":"","meta":{"footnotes":""},"class_list":["post-379","page","type-page","status-publish","hentry"],"_links":{"self":[{"href":"http:\/\/lacetans.org\/solsonesmemoria\/wp-json\/wp\/v2\/pages\/379"}],"collection":[{"href":"http:\/\/lacetans.org\/solsonesmemoria\/wp-json\/wp\/v2\/pages"}],"about":[{"href":"http:\/\/lacetans.org\/solsonesmemoria\/wp-json\/wp\/v2\/types\/page"}],"author":[{"embeddable":true,"href":"http:\/\/lacetans.org\/solsonesmemoria\/wp-json\/wp\/v2\/users\/1"}],"replies":[{"embeddable":true,"href":"http:\/\/lacetans.org\/solsonesmemoria\/wp-json\/wp\/v2\/comments?post=379"}],"version-history":[{"count":3,"href":"http:\/\/lacetans.org\/solsonesmemoria\/wp-json\/wp\/v2\/pages\/379\/revisions"}],"predecessor-version":[{"id":381,"href":"http:\/\/lacetans.org\/solsonesmemoria\/wp-json\/wp\/v2\/pages\/379\/revisions\/381"}],"up":[{"embeddable":true,"href":"http:\/\/lacetans.org\/solsonesmemoria\/wp-json\/wp\/v2\/pages\/128"}],"wp:attachment":[{"href":"http:\/\/lacetans.org\/solsonesmemoria\/wp-json\/wp\/v2\/media?parent=379"}],"curies":[{"name":"wp","href":"https:\/\/api.w.org\/{rel}","templated":true}]}}