{"id":150,"date":"2012-12-13T11:56:16","date_gmt":"2012-12-13T11:56:16","guid":{"rendered":"http:\/\/lacetans.org\/solsonesmemoria\/?page_id=150"},"modified":"2013-02-19T22:25:20","modified_gmt":"2013-02-19T22:25:20","slug":"documentals","status":"publish","type":"page","link":"http:\/\/lacetans.org\/solsonesmemoria\/seccio-historia\/documentals\/","title":{"rendered":"Documentals"},"content":{"rendered":"<h2><b>Emboscats. Mem\u00f2ria d\u2019una geografia secreta.<\/b><\/h2>\n<p><object id=\"EVP3921230IE\" width=\"640\" height=\"398\" classid=\"clsid:d27cdb6e-ae6d-11cf-96b8-444553540000\" codebase=\"http:\/\/download.macromedia.com\/pub\/shockwave\/cabs\/flash\/swflash.cab#version=6,0,40,0\"><param name=\"scale\" value=\"noscale\" \/><param name=\"swliveconnect\" value=\"true\" \/><param name=\"menu\" value=\"true\" \/><param name=\"allowFullScreen\" value=\"true\" \/><param name=\"allowScriptAccess\" value=\"always\" \/><param name=\"wmode\" value=\"transparent\" \/><param name=\"FlashVars\" value=\"themepath=themes\/evp_advanced.swf&amp;autostart=false&amp;minimal=false&amp;videoid=3921230&amp;instancename=playerEVP_0_3921230&amp;refreshlock=true&amp;basepath=http:\/\/www.tv3.cat\/ria\/players\/3ac\/evp\/&amp;backgroundColor=#ffffff&amp;basepath=http:\/\/www.tv3.cat\/ria\/players\/3ac\/evp\/&amp;xtm=true\" \/><param name=\"src\" value=\"http:\/\/www.tv3.cat\/ria\/players\/3ac\/evp\/Main.swf\" \/><param name=\"salign\" value=\"tl\" \/><param name=\"allowfullscreen\" value=\"true\" \/><param name=\"allowscriptaccess\" value=\"always\" \/><param name=\"flashvars\" value=\"themepath=themes\/evp_advanced.swf&amp;autostart=false&amp;minimal=false&amp;videoid=3921230&amp;instancename=playerEVP_0_3921230&amp;refreshlock=true&amp;basepath=http:\/\/www.tv3.cat\/ria\/players\/3ac\/evp\/&amp;backgroundColor=#ffffff&amp;basepath=http:\/\/www.tv3.cat\/ria\/players\/3ac\/evp\/&amp;xtm=true\" \/><embed id=\"EVP3921230IE\" width=\"640\" height=\"398\" type=\"application\/x-shockwave-flash\" src=\"http:\/\/www.tv3.cat\/ria\/players\/3ac\/evp\/Main.swf\" scale=\"noscale\" swliveconnect=\"true\" menu=\"true\" allowFullScreen=\"true\" allowScriptAccess=\"always\" wmode=\"transparent\" FlashVars=\"themepath=themes\/evp_advanced.swf&amp;autostart=false&amp;minimal=false&amp;videoid=3921230&amp;instancename=playerEVP_0_3921230&amp;refreshlock=true&amp;basepath=http:\/\/www.tv3.cat\/ria\/players\/3ac\/evp\/&amp;backgroundColor=#ffffff&amp;basepath=http:\/\/www.tv3.cat\/ria\/players\/3ac\/evp\/&amp;xtm=true\" salign=\"tl\" allowfullscreen=\"true\" allowscriptaccess=\"always\" flashvars=\"themepath=themes\/evp_advanced.swf&amp;autostart=false&amp;minimal=false&amp;videoid=3921230&amp;instancename=playerEVP_0_3921230&amp;refreshlock=true&amp;basepath=http:\/\/www.tv3.cat\/ria\/players\/3ac\/evp\/&amp;backgroundColor=#ffffff&amp;basepath=http:\/\/www.tv3.cat\/ria\/players\/3ac\/evp\/&amp;xtm=true\" \/><\/object><\/p>\n<p>Durant la Guerra Civil Espanyola, molts joves catalans van decidir no anar al front o van desertar quan hi eren. Es van amagar al bosc, en llocs remots, abruptes, on no els pogu\u00e9s trobar ning\u00fa excepte els seus familiars i ve\u00efns de confian\u00e7a. Aquesta \u00e9s la hist\u00f2ria mai explicada dels que es van amagar durant la guerra.<\/p>\n<p>Una coproducci\u00f3 del Centre d\u2019Estudis Lacetans amb la productora <a href=\"http:\/\/www.e2sproductora.com\/\">E2S<\/a> i <a href=\"http:\/\/www.tv3.cat\/\">Televisi\u00f3 de Catalunya<\/a> per al programa <em>El documental<\/em> (Canal 33).<\/p>\n\n\t\t<style type=\"text\/css\">\n\t\t\t#gallery-1 {\n\t\t\t\tmargin: auto;\n\t\t\t}\n\t\t\t#gallery-1 .gallery-item {\n\t\t\t\tfloat: left;\n\t\t\t\tmargin-top: 10px;\n\t\t\t\ttext-align: center;\n\t\t\t\twidth: 33%;\n\t\t\t}\n\t\t\t#gallery-1 img {\n\t\t\t\tborder: 2px solid #cfcfcf;\n\t\t\t}\n\t\t\t#gallery-1 .gallery-caption {\n\t\t\t\tmargin-left: 0;\n\t\t\t}\n\t\t\t\/* see gallery_shortcode() in wp-includes\/media.php *\/\n\t\t<\/style>\n\t\t<div id='gallery-1' class='gallery galleryid-150 gallery-columns-3 gallery-size-thumbnail'><dl class='gallery-item'>\n\t\t\t<dt class='gallery-icon landscape'>\n\t\t\t\t<a href='http:\/\/lacetans.org\/solsonesmemoria\/wp-content\/uploads\/2012\/12\/2-Creu-del-Sauveta-3.jpg'><img loading=\"lazy\" decoding=\"async\" width=\"180\" height=\"135\" src=\"http:\/\/lacetans.org\/solsonesmemoria\/wp-content\/uploads\/2012\/12\/2-Creu-del-Sauveta-3-180x135.jpg\" class=\"attachment-thumbnail size-thumbnail\" alt=\"\" srcset=\"http:\/\/lacetans.org\/solsonesmemoria\/wp-content\/uploads\/2012\/12\/2-Creu-del-Sauveta-3-180x135.jpg 180w, http:\/\/lacetans.org\/solsonesmemoria\/wp-content\/uploads\/2012\/12\/2-Creu-del-Sauveta-3-345x258.jpg 345w, http:\/\/lacetans.org\/solsonesmemoria\/wp-content\/uploads\/2012\/12\/2-Creu-del-Sauveta-3-700x525.jpg 700w\" sizes=\"(max-width: 180px) 100vw, 180px\" \/><\/a>\n\t\t\t<\/dt><\/dl><dl class='gallery-item'>\n\t\t\t<dt class='gallery-icon landscape'>\n\t\t\t\t<a href='http:\/\/lacetans.org\/solsonesmemoria\/wp-content\/uploads\/2012\/12\/2-Montserrat-Cases-1.jpg'><img loading=\"lazy\" decoding=\"async\" width=\"180\" height=\"135\" src=\"http:\/\/lacetans.org\/solsonesmemoria\/wp-content\/uploads\/2012\/12\/2-Montserrat-Cases-1-180x135.jpg\" class=\"attachment-thumbnail size-thumbnail\" alt=\"\" srcset=\"http:\/\/lacetans.org\/solsonesmemoria\/wp-content\/uploads\/2012\/12\/2-Montserrat-Cases-1-180x135.jpg 180w, http:\/\/lacetans.org\/solsonesmemoria\/wp-content\/uploads\/2012\/12\/2-Montserrat-Cases-1-345x258.jpg 345w, http:\/\/lacetans.org\/solsonesmemoria\/wp-content\/uploads\/2012\/12\/2-Montserrat-Cases-1-700x525.jpg 700w\" sizes=\"(max-width: 180px) 100vw, 180px\" \/><\/a>\n\t\t\t<\/dt><\/dl><dl class='gallery-item'>\n\t\t\t<dt class='gallery-icon landscape'>\n\t\t\t\t<a href='http:\/\/lacetans.org\/solsonesmemoria\/wp-content\/uploads\/2012\/12\/2ona-sortida-emboscats-16.jpg'><img loading=\"lazy\" decoding=\"async\" width=\"180\" height=\"119\" src=\"http:\/\/lacetans.org\/solsonesmemoria\/wp-content\/uploads\/2012\/12\/2ona-sortida-emboscats-16-180x119.jpg\" class=\"attachment-thumbnail size-thumbnail\" alt=\"\" srcset=\"http:\/\/lacetans.org\/solsonesmemoria\/wp-content\/uploads\/2012\/12\/2ona-sortida-emboscats-16-180x119.jpg 180w, http:\/\/lacetans.org\/solsonesmemoria\/wp-content\/uploads\/2012\/12\/2ona-sortida-emboscats-16-345x229.jpg 345w, http:\/\/lacetans.org\/solsonesmemoria\/wp-content\/uploads\/2012\/12\/2ona-sortida-emboscats-16-700x465.jpg 700w\" sizes=\"(max-width: 180px) 100vw, 180px\" \/><\/a>\n\t\t\t<\/dt><\/dl><br style=\"clear: both\" \/>\n\t\t<\/div>\n\n<h2><b>Els deportats solsonins als camps de concentraci\u00f3 nazis <\/b><\/h2>\n<p>Video editat amb motiu de l\u2019acte d\u2019homenatge als set deportats solsonins a diferents camps de concentraci\u00f3 nazi durant la II guerra mundial. Cont\u00e9 entrevistes realitzades als alcaldes de Lladurs, Od\u00e8n, Sant Lloren\u00e7s de Morunys, Solsona i Guixers, a l\u2019historiador Jordi Guix\u00e9 i a alguns familiars dels deportats.<\/p>\n<p><iframe loading=\"lazy\" title=\"DEPORTATS\" width=\"700\" height=\"525\" src=\"https:\/\/www.youtube.com\/embed\/JvkrqDn1LnU?feature=oembed\" frameborder=\"0\" allow=\"accelerometer; autoplay; clipboard-write; encrypted-media; gyroscope; picture-in-picture; web-share\" referrerpolicy=\"strict-origin-when-cross-origin\" allowfullscreen><\/iframe><\/p>\n","protected":false},"excerpt":{"rendered":"<p>Emboscats. Mem\u00f2ria d\u2019una geografia secreta. Durant la Guerra Civil Espanyola, molts joves catalans van decidir no anar al front o van desertar quan hi eren. Es van amagar al bosc, en llocs remots, abruptes, on no els pogu\u00e9s trobar ning\u00fa excepte els seus familiars i ve\u00efns de confian\u00e7a. Aquesta \u00e9s la hist\u00f2ria mai explicada dels [&hellip;]<\/p>\n","protected":false},"author":1,"featured_media":0,"parent":137,"menu_order":17,"comment_status":"closed","ping_status":"closed","template":"","meta":{"footnotes":""},"class_list":["post-150","page","type-page","status-publish","hentry"],"_links":{"self":[{"href":"http:\/\/lacetans.org\/solsonesmemoria\/wp-json\/wp\/v2\/pages\/150"}],"collection":[{"href":"http:\/\/lacetans.org\/solsonesmemoria\/wp-json\/wp\/v2\/pages"}],"about":[{"href":"http:\/\/lacetans.org\/solsonesmemoria\/wp-json\/wp\/v2\/types\/page"}],"author":[{"embeddable":true,"href":"http:\/\/lacetans.org\/solsonesmemoria\/wp-json\/wp\/v2\/users\/1"}],"replies":[{"embeddable":true,"href":"http:\/\/lacetans.org\/solsonesmemoria\/wp-json\/wp\/v2\/comments?post=150"}],"version-history":[{"count":14,"href":"http:\/\/lacetans.org\/solsonesmemoria\/wp-json\/wp\/v2\/pages\/150\/revisions"}],"predecessor-version":[{"id":256,"href":"http:\/\/lacetans.org\/solsonesmemoria\/wp-json\/wp\/v2\/pages\/150\/revisions\/256"}],"up":[{"embeddable":true,"href":"http:\/\/lacetans.org\/solsonesmemoria\/wp-json\/wp\/v2\/pages\/137"}],"wp:attachment":[{"href":"http:\/\/lacetans.org\/solsonesmemoria\/wp-json\/wp\/v2\/media?parent=150"}],"curies":[{"name":"wp","href":"https:\/\/api.w.org\/{rel}","templated":true}]}}