{"id":146,"date":"2012-12-13T11:48:56","date_gmt":"2012-12-13T11:48:56","guid":{"rendered":"http:\/\/lacetans.org\/solsonesmemoria\/?page_id=146"},"modified":"2013-02-19T22:15:30","modified_gmt":"2013-02-19T22:15:30","slug":"projeccions-cinema-a-la-fresca","status":"publish","type":"page","link":"http:\/\/lacetans.org\/solsonesmemoria\/seccio-historia\/projeccions-cinema-a-la-fresca\/","title":{"rendered":"Projeccions, cinema a la fresca"},"content":{"rendered":"<h2><b>2009<\/b><\/h2>\n<p><img loading=\"lazy\" decoding=\"async\" alt=\"CINEMA-A-LA-FRESCA-2009\" src=\"http:\/\/lacetans.org\/solsonesmemoria\/wp-content\/uploads\/2012\/12\/CINEMA-A-LA-FRESCA-2009-180x264.jpg\" width=\"180\" height=\"264\" \/><\/p>\n<p>Cinema a la fresca 2009: <i>The reader<\/i>.<br \/>\nDijous 13 d&#8217;agost de 2009 a les 21.30h. Pla\u00e7a Sant Joan. Solsona<\/p>\n<p><img loading=\"lazy\" decoding=\"async\" alt=\"cartell-exili[1]\" src=\"http:\/\/lacetans.org\/solsonesmemoria\/wp-content\/uploads\/2012\/12\/cartell-exili1-180x264.jpg\" width=\"180\" height=\"264\" \/><\/p>\n<p><strong>El llarg cam\u00ed de l\u2019exili<br \/>\n<\/strong>Projecci\u00f3 d\u2019<i>Spanish refugee<\/i>. Pel\u00b7l\u00edcula in\u00e8dita americana de suport als refugiats republicans a Fran\u00e7a.<br \/>\nCol\u00b7loqui amb l\u2019historiador especialitzat en l\u2019exili republic\u00e0 Jordi Guix\u00e9. 28 de nobvembre de 2009. Sala cultural de l\u2019Ajuntament de Solsona.<\/p>\n<h2><b>2008<\/b><\/h2>\n<p><img loading=\"lazy\" decoding=\"async\" alt=\"CINEMA-A-LA-FRESCA-V2\" src=\"http:\/\/lacetans.org\/solsonesmemoria\/wp-content\/uploads\/2012\/12\/CINEMA-A-LA-FRESCA-V2-180x264.jpg\" width=\"180\" height=\"264\" \/><\/p>\n<p>&nbsp;<\/p>\n<p>Cinema a la fresca 2008: <i>La caja de m\u00fasica.<\/i><\/p>\n<h2><\/h2>\n<h2><b>2007<\/b><\/h2>\n<p>Projecci\u00f3 del documental: <i>Viure en una Dictadura. Els primers anys del franquisme a Manresa (1939-1959)<\/i>. 14 d\u2019abril del 2007.<\/p>\n<p>Organitzat conjuntament amb l\u2019Arxiu Comarcal del Solson\u00e8s<\/p>\n<p><img loading=\"lazy\" decoding=\"async\" alt=\"lavidadelosotros 07\" src=\"http:\/\/lacetans.org\/solsonesmemoria\/wp-content\/uploads\/2012\/12\/lavidadelosotros-07-180x255.jpg\" width=\"180\" height=\"255\" \/><\/p>\n<p>Cinema: <i>La vida de los otros<br \/>\n<\/i>Cinema Par\u00eds. 26 de maig del 2007<\/p>\n<p><img loading=\"lazy\" decoding=\"async\" alt=\"el-tren-de-la-vida-2007\" src=\"http:\/\/lacetans.org\/solsonesmemoria\/wp-content\/uploads\/2012\/12\/el-tren-de-la-vida-2007-180x254.jpg\" width=\"180\" height=\"254\" \/><\/p>\n<p>Cinema a la fresca 2007: <i>El tren de la vida<\/i>.<\/p>\n<h2><b>2006<\/b><\/h2>\n<p>En el marc de la commemoraci\u00f3 del 75\u00e8 aniversari de la II Rep\u00fablica i 70\u00e8 aniversari de la guerra civil:<\/p>\n<p>Cinema a la fresca 2006: <i>Tierra y libertad<\/i> , de Ken Loach. 13 d&#8217;agost, Pla\u00e7a Sant Joan de Solsona. En col\u00b7laboraci\u00f3 amb l&#8217;associaci\u00f3 cultural El Crit, de Solsona.<\/p>\n<p><img loading=\"lazy\" decoding=\"async\" class=\"alignnone size-thumbnail wp-image-224\" alt=\"CINEMA 2006\" src=\"http:\/\/lacetans.org\/solsonesmemoria\/wp-content\/uploads\/2012\/12\/CINEMA-2006-180x254.jpg\" width=\"180\" height=\"254\" srcset=\"http:\/\/lacetans.org\/solsonesmemoria\/wp-content\/uploads\/2012\/12\/CINEMA-2006-180x254.jpg 180w, http:\/\/lacetans.org\/solsonesmemoria\/wp-content\/uploads\/2012\/12\/CINEMA-2006-345x487.jpg 345w, http:\/\/lacetans.org\/solsonesmemoria\/wp-content\/uploads\/2012\/12\/CINEMA-2006.jpg 591w\" sizes=\"(max-width: 180px) 100vw, 180px\" \/><\/p>\n<p>Cinema a la fresca: projecci\u00f3 del film <i>Todo est\u00e1 iluminado<\/i> , de Liev Scheber, 13 d&#8217;octubre al Teatre Comarcal de Solsona. 2006<\/p>\n<p>Projecci\u00f3 del documental <i>Els mestres catalans, de la guerra a l&#8217;exili<\/i> , i taula rodona amb Agust\u00ed Corominas, director del documental, i V\u00edctor Torres, alumne del Liceu Escolar de Lleida, fundador hist\u00f2ric d&#8217;Esquerra, milici\u00e0 republic\u00e0. 2 de desembre de 2006, Casal de Cultura de Solsona.<\/p>\n","protected":false},"excerpt":{"rendered":"<p>2009 Cinema a la fresca 2009: The reader. Dijous 13 d&#8217;agost de 2009 a les 21.30h. Pla\u00e7a Sant Joan. Solsona El llarg cam\u00ed de l\u2019exili Projecci\u00f3 d\u2019Spanish refugee. Pel\u00b7l\u00edcula in\u00e8dita americana de suport als refugiats republicans a Fran\u00e7a. Col\u00b7loqui amb l\u2019historiador especialitzat en l\u2019exili republic\u00e0 Jordi Guix\u00e9. 28 de nobvembre de 2009. Sala cultural de [&hellip;]<\/p>\n","protected":false},"author":1,"featured_media":0,"parent":137,"menu_order":12,"comment_status":"closed","ping_status":"closed","template":"","meta":{"footnotes":""},"class_list":["post-146","page","type-page","status-publish","hentry"],"_links":{"self":[{"href":"http:\/\/lacetans.org\/solsonesmemoria\/wp-json\/wp\/v2\/pages\/146"}],"collection":[{"href":"http:\/\/lacetans.org\/solsonesmemoria\/wp-json\/wp\/v2\/pages"}],"about":[{"href":"http:\/\/lacetans.org\/solsonesmemoria\/wp-json\/wp\/v2\/types\/page"}],"author":[{"embeddable":true,"href":"http:\/\/lacetans.org\/solsonesmemoria\/wp-json\/wp\/v2\/users\/1"}],"replies":[{"embeddable":true,"href":"http:\/\/lacetans.org\/solsonesmemoria\/wp-json\/wp\/v2\/comments?post=146"}],"version-history":[{"count":10,"href":"http:\/\/lacetans.org\/solsonesmemoria\/wp-json\/wp\/v2\/pages\/146\/revisions"}],"predecessor-version":[{"id":597,"href":"http:\/\/lacetans.org\/solsonesmemoria\/wp-json\/wp\/v2\/pages\/146\/revisions\/597"}],"up":[{"embeddable":true,"href":"http:\/\/lacetans.org\/solsonesmemoria\/wp-json\/wp\/v2\/pages\/137"}],"wp:attachment":[{"href":"http:\/\/lacetans.org\/solsonesmemoria\/wp-json\/wp\/v2\/media?parent=146"}],"curies":[{"name":"wp","href":"https:\/\/api.w.org\/{rel}","templated":true}]}}