{"id":144,"date":"2012-12-13T11:48:41","date_gmt":"2012-12-13T11:48:41","guid":{"rendered":"http:\/\/lacetans.org\/solsonesmemoria\/?page_id=144"},"modified":"2013-02-19T22:07:41","modified_gmt":"2013-02-19T22:07:41","slug":"exposicions","status":"publish","type":"page","link":"http:\/\/lacetans.org\/solsonesmemoria\/seccio-historia\/exposicions\/","title":{"rendered":"Exposicions"},"content":{"rendered":"<h2><b>2011<\/b><\/h2>\n<h3><b>Exposici\u00f3 <i>Fosses comunes. Un passat no oblidat.<\/i> <\/b><\/h3>\n<p><strong>Desembre de 2011 a la sala del Teatre del Palau Llobera.<\/strong><\/p>\n<p>L\u2019exposici\u00f3, que fa un recorregut sobre la q\u00fcesti\u00f3 de les fosses comunes a casa nostra, va ser ampliada amb tres plafons i un audiovisual dedicat al Solson\u00e8s on es presentaven els resultats de la recerca.<\/p>\n<p><img decoding=\"async\" title=\"gallery columns=&quot;2&quot; link=&quot;file&quot; ids=&quot;218,216,217,215&quot;\" alt=\"\" src=\"http:\/\/lacetans.org\/solsonesmemoria\/wp-includes\/js\/tinymce\/plugins\/wpgallery\/img\/t.gif\" \/><\/p>\n<h2><b>2010<\/b><\/h2>\n<h3><b>Exposici\u00f3 <i>Fem mem\u00f2ria. La guerra civil a trav\u00e9s de les vostres fotografies.<\/i><\/b><\/h3>\n<p>Organitzaci\u00f3 de de l\u2019exposici\u00f3 <i>Fem mem\u00f2ria: la guerra civil a trav\u00e8s de les vostres fotografies<\/i> amb la realitzaci\u00f3 de tres plafons locals on s\u2019han exhibit una selecci\u00f3 de fotos del fons Vicen\u00e7 dipositat en l\u2019Arxiu Comarcal. Aquesta ha estat una acci\u00f3 conjunta amb l\u2019Arxiu Comarcal; s\u2019han seleccionat les fotos m\u00e9s significatives del per\u00edode de l\u2019exposici\u00f3 i s\u2019han realitzat tres plafons locals.<\/p>\n\n\t\t<style type=\"text\/css\">\n\t\t\t#gallery-1 {\n\t\t\t\tmargin: auto;\n\t\t\t}\n\t\t\t#gallery-1 .gallery-item {\n\t\t\t\tfloat: left;\n\t\t\t\tmargin-top: 10px;\n\t\t\t\ttext-align: center;\n\t\t\t\twidth: 33%;\n\t\t\t}\n\t\t\t#gallery-1 img {\n\t\t\t\tborder: 2px solid #cfcfcf;\n\t\t\t}\n\t\t\t#gallery-1 .gallery-caption {\n\t\t\t\tmargin-left: 0;\n\t\t\t}\n\t\t\t\/* see gallery_shortcode() in wp-includes\/media.php *\/\n\t\t<\/style>\n\t\t<div id='gallery-1' class='gallery galleryid-144 gallery-columns-3 gallery-size-thumbnail'><dl class='gallery-item'>\n\t\t\t<dt class='gallery-icon landscape'>\n\t\t\t\t<a href='http:\/\/lacetans.org\/solsonesmemoria\/wp-content\/uploads\/2012\/12\/Inauguraci\u00f3-Expo-Fem-Mem\u00f2ria-7.jpg'><img loading=\"lazy\" decoding=\"async\" width=\"180\" height=\"135\" src=\"http:\/\/lacetans.org\/solsonesmemoria\/wp-content\/uploads\/2012\/12\/Inauguraci\u00f3-Expo-Fem-Mem\u00f2ria-7-180x135.jpg\" class=\"attachment-thumbnail size-thumbnail\" alt=\"\" srcset=\"http:\/\/lacetans.org\/solsonesmemoria\/wp-content\/uploads\/2012\/12\/Inauguraci\u00f3-Expo-Fem-Mem\u00f2ria-7-180x135.jpg 180w, http:\/\/lacetans.org\/solsonesmemoria\/wp-content\/uploads\/2012\/12\/Inauguraci\u00f3-Expo-Fem-Mem\u00f2ria-7-345x258.jpg 345w, http:\/\/lacetans.org\/solsonesmemoria\/wp-content\/uploads\/2012\/12\/Inauguraci\u00f3-Expo-Fem-Mem\u00f2ria-7-700x525.jpg 700w\" sizes=\"(max-width: 180px) 100vw, 180px\" \/><\/a>\n\t\t\t<\/dt><\/dl><dl class='gallery-item'>\n\t\t\t<dt class='gallery-icon landscape'>\n\t\t\t\t<a href='http:\/\/lacetans.org\/solsonesmemoria\/wp-content\/uploads\/2012\/12\/Inauguraci\u00f3-Expo-Fem-Mem\u00f2ria-10.jpg'><img loading=\"lazy\" decoding=\"async\" width=\"180\" height=\"135\" src=\"http:\/\/lacetans.org\/solsonesmemoria\/wp-content\/uploads\/2012\/12\/Inauguraci\u00f3-Expo-Fem-Mem\u00f2ria-10-180x135.jpg\" class=\"attachment-thumbnail size-thumbnail\" alt=\"\" srcset=\"http:\/\/lacetans.org\/solsonesmemoria\/wp-content\/uploads\/2012\/12\/Inauguraci\u00f3-Expo-Fem-Mem\u00f2ria-10-180x135.jpg 180w, http:\/\/lacetans.org\/solsonesmemoria\/wp-content\/uploads\/2012\/12\/Inauguraci\u00f3-Expo-Fem-Mem\u00f2ria-10-345x258.jpg 345w, http:\/\/lacetans.org\/solsonesmemoria\/wp-content\/uploads\/2012\/12\/Inauguraci\u00f3-Expo-Fem-Mem\u00f2ria-10-700x525.jpg 700w\" sizes=\"(max-width: 180px) 100vw, 180px\" \/><\/a>\n\t\t\t<\/dt><\/dl><dl class='gallery-item'>\n\t\t\t<dt class='gallery-icon landscape'>\n\t\t\t\t<a href='http:\/\/lacetans.org\/solsonesmemoria\/wp-content\/uploads\/2012\/12\/Inauguraci\u00f3-Expo-Fem-Mem\u00f2ria-19.jpg'><img loading=\"lazy\" decoding=\"async\" width=\"180\" height=\"135\" src=\"http:\/\/lacetans.org\/solsonesmemoria\/wp-content\/uploads\/2012\/12\/Inauguraci\u00f3-Expo-Fem-Mem\u00f2ria-19-180x135.jpg\" class=\"attachment-thumbnail size-thumbnail\" alt=\"\" srcset=\"http:\/\/lacetans.org\/solsonesmemoria\/wp-content\/uploads\/2012\/12\/Inauguraci\u00f3-Expo-Fem-Mem\u00f2ria-19-180x135.jpg 180w, http:\/\/lacetans.org\/solsonesmemoria\/wp-content\/uploads\/2012\/12\/Inauguraci\u00f3-Expo-Fem-Mem\u00f2ria-19-345x258.jpg 345w, http:\/\/lacetans.org\/solsonesmemoria\/wp-content\/uploads\/2012\/12\/Inauguraci\u00f3-Expo-Fem-Mem\u00f2ria-19-700x525.jpg 700w\" sizes=\"(max-width: 180px) 100vw, 180px\" \/><\/a>\n\t\t\t<\/dt><\/dl><br style=\"clear: both\" \/>\n\t\t<\/div>\n\n<h3><b>Exposici\u00f3 <i>La lluita per l\u2019oportunitat de viure.<\/i><\/b><\/h3>\n<p>En el marc de la festa major de Solsona es va organitzar l\u2019exposici\u00f3 <i>La lluita per l\u2019oportunitat de viure<\/i>, del 7 al 19 de setembre al celler de Ca l\u2019Aguilar de Solsona.<\/p>\n<p><img loading=\"lazy\" decoding=\"async\" class=\"aligncenter size-thumbnail wp-image-213\" alt=\"Inauguraci\u00f3 exposici\u00f3 (2)\" src=\"http:\/\/lacetans.org\/solsonesmemoria\/wp-content\/uploads\/2012\/12\/Inauguraci\u00f3-exposici\u00f3-2-180x135.jpg\" width=\"180\" height=\"135\" srcset=\"http:\/\/lacetans.org\/solsonesmemoria\/wp-content\/uploads\/2012\/12\/Inauguraci\u00f3-exposici\u00f3-2-180x135.jpg 180w, http:\/\/lacetans.org\/solsonesmemoria\/wp-content\/uploads\/2012\/12\/Inauguraci\u00f3-exposici\u00f3-2-345x258.jpg 345w, http:\/\/lacetans.org\/solsonesmemoria\/wp-content\/uploads\/2012\/12\/Inauguraci\u00f3-exposici\u00f3-2-700x525.jpg 700w\" sizes=\"(max-width: 180px) 100vw, 180px\" \/><\/p>\n<h2><b>2009<\/b><\/h2>\n<h3><b>Exposici\u00f3 de fotografies <i>Itinerari d\u2019una mem\u00f2ria enfrontada<\/i><\/b><\/h3>\n<p><strong>Oriol Riart Arnalot. Del 4 al 20 de setembre de 2009<\/strong><\/p>\n<p>Aula de Cultura &#8211; Caixa Pened\u00e8s<\/p>\n<h2><b>2008<\/b><\/h2>\n<h3><b>Exposici\u00f3 <i>Quan plovien bombes<\/i><\/b><\/h3>\n<p>Fotografies, premsa, documentaci\u00f3 de l&#8217;\u00e8poca, xifres i muntatges audiovisuals ens apropen de manera did\u00e0ctica en aquesta exposici\u00f3 a la realitat que es visqu\u00e9 al nostre pa\u00eds durant la guerra civil 36-39, quan del cel plovien bombes, i com la societat s&#8217;organitz\u00e0 per fer front i minimitzar l&#8217;impacte d&#8217;aquestes. S&#8217;inclou un espai dedicat al Solson\u00e8s: v\u00edctimes, objectius i refugis antiaeris.<\/p>\n<p>Sala cultural de l&#8217;Ajuntament de Solsona (C\/Castell, 20), del 30 d&#8217;agost al 14 de setembre.<\/p>\n<h2><\/h2>\n<p>&nbsp;<\/p>\n<h2><b>2007<\/b><\/h2>\n<p>Dintre del cicle d\u2019activitats \u201cL\u2019espoli franquista a Catalunya. Confiscaci\u00f3, reivindicaci\u00f3 i retorn dels \u201cpapers de Salamanca\u201d, es va dur a Solsona l\u2019exposici\u00f3 <b><i>El retorn dels documents confiscats a Catalunya<\/i><\/b> (12-23 d\u2019abril de 2007). Organitzat conjuntament amb l\u2019Arxiu Comarcal del Solson\u00e8s i l\u2019Ajuntament de Solsona.<\/p>\n<p>&nbsp;<\/p>\n<h3><b>Rep\u00fablica! Cartells i cartellistes (1936-1939) <\/b><\/h3>\n<p>&nbsp;<\/p>\n<p><img loading=\"lazy\" decoding=\"async\" class=\"alignleft\" alt=\"expo cartells 07\" src=\"http:\/\/lacetans.org\/solsonesmemoria\/wp-content\/uploads\/2012\/12\/expo-cartells-07-180x508.jpg\" width=\"180\" height=\"508\" \/><\/p>\n<p>&nbsp;<\/p>\n<p>L&#8217;exposici\u00f3 Rep\u00fablica! Cartells i cartellistes (1931-1939) proposa un recorregut visual per la hist\u00f2ria del pa\u00eds durant la Segona Rep\u00fablica i la guerra civil.<\/p>\n<p>Els cartells, editats per tota mena d\u2019institucions, entitats i partits pol\u00edtics, portaven di\u00e0riament i de manera efectiva el seu missatge a milers de ciutadans. Avui s\u00f3n un testimoni excepcional de la intensa activitat pol\u00edtica i social, aix\u00ed com dels nous corrents art\u00edstics, d\u2019una d\u00e8cada decisiva en la hist\u00f2ria del segle XX. Del 10 al 30 de maig del 2007 al Museu del Ganivet i Eines de Tall de Solsona.<\/p>\n<h3><b>Guerra civil a Catalunya. Testimonis i viv\u00e8ncies<\/b><\/h3>\n<h3><\/h3>\n<p><strong>Del 16 al 22 de juliol de 2007. Pati g\u00f2tic del Consell Comarcal del Solson\u00e8s.<\/strong><\/p>\n<p>Acte d\u2019inauguraci\u00f3 amb la pres\u00e8ncia de Josep Vendrell i Garde\u00f1es, secretari general de Relacions Institucionals i Participaci\u00f3 de la Generalitat de Catalunya i Josep Maria Sans i Trav\u00e9, director de l\u2019Arxiu Nacional de Catalunya.<\/p>\n<p>Organitzat conjuntament amb l\u2019Arxiu Comarcal del Solson\u00e8s<\/p>\n<h3><b>Exposici\u00f3: La maternitat d\u2019Elna. Bressol de l\u2019exili. 1939-1944 <\/b><\/h3>\n<p><strong>Pati g\u00f2tic del Consell comarcal del Solson\u00e8s, del 16 de setembre al 5 d\u2019octubre de 2007.<\/strong><\/p>\n<p>En acabar la guerra civil espanyola, milers de ciutadans van travessar la frontera francesa en una fugida desesperada. La immensa majoria d\u2019exiliats van ser internats en els denominats \u201ccamps d\u2019acolliment\u201d, veritables camps de concentraci\u00f3 sense cap condici\u00f3 sanit\u00e0ria on patiren fred, gana, deixadesa&#8230;<\/p>\n<p>Tot i aix\u00ed, la vida s\u2019obria cam\u00ed. Les refugiades espanyoles embarassades no tenien m\u00e9s remei que donar a llum en unes cavallerisses de Perpiny\u00e0, en p\u00e8ssimes condicions. La mortaldat era elevad\u00edssima: sovint moria el nad\u00f3, la mare o tots dos.<\/p>\n<p>Elisabeth Eidenbenz era una mestra su\u00efssa que havia treballat durant la guerra civil atenent els infants refugiats al b\u00e0ndol republic\u00e0. Amb una gran empenta, aquesta jove va organitzar en una resid\u00e8ncia campestre abandonada de la vila rossellonesa d\u2019Elna una maternitat on atendre en condicions dignes les parteres procedents dels camps i els seus fills. Hi van n\u00e9ixer 597 infants.<\/p>\n<p>L\u2019exposici\u00f3 \u201cLa maternitat d\u2019Elna\u201d ens apropa la hist\u00f2ria d\u2019aquesta instituci\u00f3 i la seva fundadora, la persona que va donar l\u2019oportunitat a moltes dones i nadons de sobreviure, un raig de llum en temps de foscor.<\/p>\n<p>Organitzat conjuntament amb l\u2019\u00c0rea de la Dona del Consell Comarcal del Solsones, l\u2019Ajuntament de Solsona i l\u2019Arxiu Comarcal del Solson\u00e8s<\/p>\n<p><img loading=\"lazy\" decoding=\"async\" class=\"aligncenter\" alt=\"fotos inauguraci\u00f3 expo bombes (3)\" src=\"http:\/\/lacetans.org\/solsonesmemoria\/wp-content\/uploads\/2012\/12\/fotos-inauguraci\u00f3-expo-bombes-3-345x258.jpg\" width=\"325\" height=\"246\" \/><\/p>\n<h2><\/h2>\n<h2><b>2006<\/b><\/h2>\n<h3><b>Exposici\u00f3 <i>Els jocs oblidats. L&#8217;Olimp\u00edada popular del 36<\/i> .<\/b><\/h3>\n<h2><b><img loading=\"lazy\" decoding=\"async\" alt=\"expo-jocs-06\" src=\"http:\/\/lacetans.org\/solsonesmemoria\/wp-content\/uploads\/2012\/12\/expo-jocs-06-180x254.jpg\" width=\"180\" height=\"254\" \/><\/b><\/h2>\n<p>Confer\u00e8ncia inaugural a c\u00e0rrec de Carles Santacana, historiador i comissari de l&#8217;exposici\u00f3, i Josep Vendrell, secretari del Departament de Relacions Institucionals i Participaci\u00f3.<b>\u00a0<\/b><\/p>\n<h2><\/h2>\n","protected":false},"excerpt":{"rendered":"<p>2011 Exposici\u00f3 Fosses comunes. Un passat no oblidat. Desembre de 2011 a la sala del Teatre del Palau Llobera. L\u2019exposici\u00f3, que fa un recorregut sobre la q\u00fcesti\u00f3 de les fosses comunes a casa nostra, va ser ampliada amb tres plafons i un audiovisual dedicat al Solson\u00e8s on es presentaven els resultats de la recerca. 2010 [&hellip;]<\/p>\n","protected":false},"author":1,"featured_media":0,"parent":137,"menu_order":6,"comment_status":"closed","ping_status":"closed","template":"","meta":{"footnotes":""},"class_list":["post-144","page","type-page","status-publish","hentry"],"_links":{"self":[{"href":"http:\/\/lacetans.org\/solsonesmemoria\/wp-json\/wp\/v2\/pages\/144"}],"collection":[{"href":"http:\/\/lacetans.org\/solsonesmemoria\/wp-json\/wp\/v2\/pages"}],"about":[{"href":"http:\/\/lacetans.org\/solsonesmemoria\/wp-json\/wp\/v2\/types\/page"}],"author":[{"embeddable":true,"href":"http:\/\/lacetans.org\/solsonesmemoria\/wp-json\/wp\/v2\/users\/1"}],"replies":[{"embeddable":true,"href":"http:\/\/lacetans.org\/solsonesmemoria\/wp-json\/wp\/v2\/comments?post=144"}],"version-history":[{"count":23,"href":"http:\/\/lacetans.org\/solsonesmemoria\/wp-json\/wp\/v2\/pages\/144\/revisions"}],"predecessor-version":[{"id":193,"href":"http:\/\/lacetans.org\/solsonesmemoria\/wp-json\/wp\/v2\/pages\/144\/revisions\/193"}],"up":[{"embeddable":true,"href":"http:\/\/lacetans.org\/solsonesmemoria\/wp-json\/wp\/v2\/pages\/137"}],"wp:attachment":[{"href":"http:\/\/lacetans.org\/solsonesmemoria\/wp-json\/wp\/v2\/media?parent=144"}],"curies":[{"name":"wp","href":"https:\/\/api.w.org\/{rel}","templated":true}]}}