{"id":140,"date":"2012-12-13T11:11:12","date_gmt":"2012-12-13T11:11:12","guid":{"rendered":"http:\/\/lacetans.org\/solsonesmemoria\/?page_id=140"},"modified":"2012-12-13T11:11:12","modified_gmt":"2012-12-13T11:11:12","slug":"presentacio","status":"publish","type":"page","link":"http:\/\/lacetans.org\/solsonesmemoria\/seccio-historia\/presentacio\/","title":{"rendered":"Presentaci\u00f3"},"content":{"rendered":"<p>Benvinguts a la p\u00e0gina web de la secci\u00f3 d\u2019hist\u00f2ria del Centre d\u2019Estudis Lacetans. Creem aquest espai amb la voluntat de mantenir-vos informats de les activitats i not\u00edcies m\u00e9s destacades en l\u2019\u00e0mbit de l\u2019objecte d\u2019acci\u00f3 i estudi de la nostra secci\u00f3, des de les accions que portem a terme (recerques, publicacions&#8230;) fins als actes que organitzem en l\u2019\u00e0mbit de difusi\u00f3 (exposicions, confer\u00e8ncies, projeccions).<\/p>\n<p>Hist\u00f2ria contempor\u00e0nia i mem\u00f2ria es complementen constantment en les activitats de difusi\u00f3, recerca, commemoraci\u00f3 i pedagogia que realitza el Centre d\u2019Estudis Lacetans. El treball de mem\u00f2ria, el treball de buscar en el nostre passat recent el coneixement d\u2019esdeveniments, fets i personatges s\u2019ha enfortit i consolidat amb la constant tasca divulgadora que la nostra secci\u00f3 est\u00e0 desenvolupant. La recerca rigorosa i aprofundida dels esdeveniments que van tenir lloc a la comarca del Solson\u00e8s en la seva hist\u00f2ria recent, amb especial \u00e8mfasi en el per\u00edode que abasta des de la II Rep\u00fablica fins a la transici\u00f3 democr\u00e0tica \u00e9s el nucli central d\u2019activitats de la secci\u00f3 d\u2019hist\u00f2ria del CEL. La localitzaci\u00f3 de fons documentals, la recerca i l\u2019an\u00e0lisi aprofundit, l\u2019enregistrament de testimonis, el treball de camp&#8230; s\u00f3n algunes de les nostres eines metodol\u00f2giques. La publicaci\u00f3 d\u2019articles, l\u2019organitzaci\u00f3 d\u2019exposicions, de confer\u00e8ncies i de projeccions, algunes de les accions adre\u00e7ades a la formaci\u00f3 i la difusi\u00f3 d\u2019aquesta hist\u00f2ria propera i alhora desconeguda per tants solsonins i solsonines que van viure l\u2019oblit com a estrat\u00e8gia -personal i social-, una estrat\u00e8gia que ha perdurat fins fa quatre dies, quan ja gaireb\u00e9 resultava massa tard intentar rescatar els fets, com a m\u00ednim pel que fa a la mem\u00f2ria oral.<\/p>\n<p>En un comen\u00e7ament, la recerca i la difusi\u00f3 del nostre passat m\u00e9s recent es va veure com un deure pendent que, com a centre d\u2019estudis comarcals, ten\u00edem amb la construcci\u00f3 hist\u00f2rica i el coneixement col\u00b7lectiu sobre de la Segona Rep\u00fablica , la Guerra Civil , la llarga dictadura franquista i la lluita i recuperacions democr\u00e0tiques. Un terreny erm i oblidat -o ignorat- pel conjunt d\u2019estudis existents sobre la nostra societat, pol\u00edtica i hist\u00f2ria comarcal, signe m\u00e9s evident d\u2019un fet contrastat: a la nostra comarca la mem\u00f2ria ha estat reclosa en l\u2019univers privat i individual; era necessari convertir el que sota veu s\u2019havia explicat poc i malament en els caf\u00e8s o en confessions familiars vora el foc, en un treball rigor\u00f3s i sobre tot col\u00b7lectiu de hist\u00f2ria i mem\u00f2ria.<\/p>\n<p>El rigor tamb\u00e9 s\u2019ha aplicat als treballs de documentaci\u00f3 i recerca, rerafons de totes les actuacions d\u2019homenatge i les publicacions. No s\u2019ha volgut produir materials ni publicacions sense l\u2019indispensable an\u00e0lisis i investigaci\u00f3 pr\u00e8via. La construcci\u00f3 d\u2019un relat hist\u00f2ric, de la interpretaci\u00f3 de fets i realitats complexes requereix de temps, dedicaci\u00f3 i perspectiva anal\u00edtica.<\/p>\n<p>Aquests ingredients han cabdellat el fil d\u2019uns esdeveniments locals i tamb\u00e9 d\u2019uns valors \u00e8tics i c\u00edvics presents en tots i cadascun dels projectes endegats, que no han estat pocs.<\/p>\n<p>Uns valors democr\u00e0tics subjacents ja en el primer acte p\u00fablic organitzat per a recon\u00e8ixer i homenatjar els <i>deportats solsonins als camps nazis<\/i>. Un primer acte que tamb\u00e9 complementava la recerca hist\u00f2rica -base per a la localitzaci\u00f3 documentada de tots els deportats-, del testimoni dels seus familiars vius -base d\u2019un treball de mem\u00f2ria oral que no hem deixat de realitzar- i el trasllat d\u2019aquesta tasca a l\u2019\u00e0gora p\u00fablica i tamb\u00e9 a la responsabilitat dels poders p\u00fablics -Consell Comarcal, Ajuntaments i Generalitat- de reparaci\u00f3 i reconeixement.<\/p>\n<p>Des d\u2019aleshores s\u2019han realitzat exposicions temporals, jornades, confer\u00e8ncies, visites, xerrades i seminaris. Tamb\u00e9 audiovisuals, cinema, excursions a indrets de mem\u00f2ria, sense deixar mai de documentar i investigar la nostra hist\u00f2ria. Un dels fruits d\u2019aquest esfor\u00e7 \u00e9s el conveni signat amb l\u2019Arxiu Comarcal del Solson\u00e8s per crear un <i>Servei de Documentaci\u00f3<\/i> que posa a l\u2019abast del p\u00fablic documentaci\u00f3 cabdal de la guerra civil i la dictadura que avui est\u00e0 a d\u2019altres arxius, com la Causa General , els expedients del Tribunal de Responsabilitats Pol\u00edtiques i els consells de guerra sumar\u00edssims. Documentaci\u00f3 que desmenteix el t\u00f2pic de que al Solson\u00e8s no hi va haver repressi\u00f3 i que el r\u00e8gim franquista no feu excepcions, malgrat la forta ascend\u00e8ncia conservadora i religiosa dels habitants de la comarca.<\/p>\n<p>L\u2019eix conductor dels projectes de recerca i audiovisuals realitzats gr\u00e0cies a l\u2019ajut del Memorial Democr\u00e0tic de la Generalitat de Catalunya, \u00e9s el tema dels <i>emboscats<\/i>, q\u00fcesti\u00f3 poc coneguda per\u00f2 altament significativa ja que \u00e9s l\u2019element que m\u00e9s b\u00e9 defineix l\u2019actitud majorit\u00e0ria de la poblaci\u00f3 solsonina durant la Guerra Civil. Conseq\u00fc\u00e8ncia d\u2019aix\u00f2 \u00e9s, sens dubte, el fet que Solsona -malgrat el desconeixement popular- posseeix un dels pocs monuments als emboscats i desertors que existeixen en un espai p\u00fablic: el de la pla\u00e7a del Camp, monument que hauria d\u2019\u00e9sser explicat i senyalitzat.<\/p>\n<p>En definitiva, una secci\u00f3 d\u2019hist\u00f2ria i mem\u00f2ria que t\u00e9 molta feina per endavant i que ha prioritzat potser el tempus biol\u00f2gic dels testimonis, treballant en primer lloc la Rep\u00fablica , la Guerra Civil i el primer franquisme. Cal destacar l\u2019estudi exhaustiu dels <i>morts de la guerra civil i la dictadura franquista<\/i> -conegut com Cost Hum\u00e0 de la guerra &#8212; tant solsonins i solsonines de naixement, com persones forasteres, refugiats i altres que varen perdre la vida per causes directes del conflicte armat i de la rebel\u00b7li\u00f3 militar del 1936 a la comarca. Treball que tindr\u00e0 continu\u00eftat tamb\u00e9 amb l\u2019an\u00e0lisi d\u2019altres per\u00edodes tant intensos i transformadors com la lluita per la democr\u00e0cia durant el darrer franquisme o la transici\u00f3.<\/p>\n<p>En resum, tota la feina feta t\u00e9 una finestra al m\u00f3n i a la societat -que \u00e9s qui se n\u2019ha de fer destinat\u00e0ria- que \u00e9s aquesta p\u00e0gina digital i aquest portal web. Un portal que anir\u00e0 creixent i documentant el nostre dret al coneixement. Des d\u2019aquest espai esperem arribar a transmetre-us la mateixa passi\u00f3 que sentim per aquesta estimulant i enriquidora cursa contra la sorra del rellotge quecau inexorablement i contra la pols i el silenci de la desmem\u00f2ria<\/p>\n","protected":false},"excerpt":{"rendered":"<p>Benvinguts a la p\u00e0gina web de la secci\u00f3 d\u2019hist\u00f2ria del Centre d\u2019Estudis Lacetans. Creem aquest espai amb la voluntat de mantenir-vos informats de les activitats i not\u00edcies m\u00e9s destacades en l\u2019\u00e0mbit de l\u2019objecte d\u2019acci\u00f3 i estudi de la nostra secci\u00f3, des de les accions que portem a terme (recerques, publicacions&#8230;) fins als actes que organitzem [&hellip;]<\/p>\n","protected":false},"author":1,"featured_media":0,"parent":137,"menu_order":0,"comment_status":"closed","ping_status":"closed","template":"","meta":{"footnotes":""},"class_list":["post-140","page","type-page","status-publish","hentry"],"_links":{"self":[{"href":"http:\/\/lacetans.org\/solsonesmemoria\/wp-json\/wp\/v2\/pages\/140"}],"collection":[{"href":"http:\/\/lacetans.org\/solsonesmemoria\/wp-json\/wp\/v2\/pages"}],"about":[{"href":"http:\/\/lacetans.org\/solsonesmemoria\/wp-json\/wp\/v2\/types\/page"}],"author":[{"embeddable":true,"href":"http:\/\/lacetans.org\/solsonesmemoria\/wp-json\/wp\/v2\/users\/1"}],"replies":[{"embeddable":true,"href":"http:\/\/lacetans.org\/solsonesmemoria\/wp-json\/wp\/v2\/comments?post=140"}],"version-history":[{"count":1,"href":"http:\/\/lacetans.org\/solsonesmemoria\/wp-json\/wp\/v2\/pages\/140\/revisions"}],"predecessor-version":[{"id":141,"href":"http:\/\/lacetans.org\/solsonesmemoria\/wp-json\/wp\/v2\/pages\/140\/revisions\/141"}],"up":[{"embeddable":true,"href":"http:\/\/lacetans.org\/solsonesmemoria\/wp-json\/wp\/v2\/pages\/137"}],"wp:attachment":[{"href":"http:\/\/lacetans.org\/solsonesmemoria\/wp-json\/wp\/v2\/media?parent=140"}],"curies":[{"name":"wp","href":"https:\/\/api.w.org\/{rel}","templated":true}]}}