{"id":131,"date":"2012-12-13T10:11:52","date_gmt":"2012-12-13T10:11:52","guid":{"rendered":"http:\/\/lacetans.org\/solsonesmemoria\/?page_id=131"},"modified":"2013-04-04T13:37:19","modified_gmt":"2013-04-04T13:37:19","slug":"publicacions","status":"publish","type":"page","link":"http:\/\/lacetans.org\/solsonesmemoria\/publicacions\/","title":{"rendered":"Publicacions"},"content":{"rendered":"<p>El Centre d&#8217;Estudis Lacetans, junt amb l&#8217;Arxiu Comarcal del Solson\u00e8s, en la seva vocaci\u00f3 de promoure el coneixement i divulgar el patrimoni natural i cultural de la comarca, t\u00e9 dues l\u00ednies de publicacions que treuen a la llum recerques in\u00e8dites, aprofundides i amb rigor cient\u00edfic, tant des de l&#8217;ambit de les ci\u00e8ncies naturals com les socials.<\/p>\n<p>Els estudis m\u00e9s breus s\u00f3n publicats en la revista anual <em>Oppidum<\/em> i els treballs m\u00e9s extensos en els monogr\u00e0fics de la col\u00b7lecci\u00f3 <em>Estudis i Textos del Solson\u00e8s.<\/em><em><a href=\"http:\/\/lacetans.org\/solsonesmemoria\/publicacions\/oppidum-7\/\" rel=\"attachment wp-att-337\"><br \/>\n<\/a><\/em><\/p>\n<p><!--more--><\/p>\n<h2>Revista<em> Oppidum<\/em><\/h2>\n<p>La revista<i> Oppidum <\/i>\u00e9s una publicaci\u00f3 de car\u00e0cter anual que neix de la col\u00b7laboraci\u00f3 entre l\u2019Arxiu Hist\u00f2ric Comarcal de Solsona i el Centre d\u2019Estudis Lacetans amb la voluntat de donar sortida i alhora potenciar la investigaci\u00f3 cultural i interdisciplin\u00e0ria a la nostra comarca. L&#8217;<em>Oppidum<\/em> vol acollir tots aquells treballs faciliten desde el rigor cient\u00edfic el\u00a0 coneixement del patrimoni cultural i natural de la comarca.<\/p>\n<p><a href=\"http:\/\/lacetans.org\/solsonesmemoria\/publicacions\/oppidum\">M\u00e9s &gt;<\/a><\/p>\n<ul class=\"publicacions\"><li class=\"primer\"><a href=\"http:\/\/lacetans.org\/solsonesmemoria\/publicacions\/oppidum-1\/\">\n        <img decoding=\"async\" src=\"http:\/\/lacetans.org\/solsonesmemoria\/wp-content\/uploads\/2013\/01\/Oppidum-1-180x253.jpg\"><p>Oppidum 1<\/p><\/a><\/li><li><a href=\"http:\/\/lacetans.org\/solsonesmemoria\/publicacions\/oppidum-10\/\">\n        <img decoding=\"async\" src=\"http:\/\/lacetans.org\/solsonesmemoria\/wp-content\/uploads\/2013\/03\/Oppidum-10-180x253.jpg\"><p>Oppidum 10<\/p><\/a><\/li><li><a href=\"http:\/\/lacetans.org\/solsonesmemoria\/publicacions\/oppidum-11\/\">\n        <img decoding=\"async\" src=\"http:\/\/lacetans.org\/solsonesmemoria\/wp-content\/uploads\/2014\/04\/Oppidum-11-180x254.jpg\"><p>Oppidum 11<\/p><\/a><\/li><li><a href=\"http:\/\/lacetans.org\/solsonesmemoria\/publicacions\/oppidum-2\/\">\n        <img decoding=\"async\" src=\"http:\/\/lacetans.org\/solsonesmemoria\/wp-content\/uploads\/2013\/01\/Oppidum-2-180x247.jpg\"><p>Oppidum 2<\/p><\/a><\/li><li><a href=\"http:\/\/lacetans.org\/solsonesmemoria\/publicacions\/oppidum-3\/\">\n        <img decoding=\"async\" src=\"http:\/\/lacetans.org\/solsonesmemoria\/wp-content\/uploads\/2013\/01\/Oppidum-3-180x257.jpg\"><p>Oppidum 3<\/p><\/a><\/li><li class=\"primer\"><a href=\"http:\/\/lacetans.org\/solsonesmemoria\/publicacions\/oppidum-4\/\">\n        <img decoding=\"async\" src=\"http:\/\/lacetans.org\/solsonesmemoria\/wp-content\/uploads\/2013\/01\/Oppidum-4-180x253.jpg\"><p>Oppidum 4<\/p><\/a><\/li><li><a href=\"http:\/\/lacetans.org\/solsonesmemoria\/publicacions\/oppidum-5\/\">\n        <img decoding=\"async\" src=\"http:\/\/lacetans.org\/solsonesmemoria\/wp-content\/uploads\/2013\/01\/Oppidum-5-180x254.jpg\"><p>Oppidum 5<\/p><\/a><\/li><li><a href=\"http:\/\/lacetans.org\/solsonesmemoria\/publicacions\/oppidum-6\/\">\n        <img decoding=\"async\" src=\"http:\/\/lacetans.org\/solsonesmemoria\/wp-content\/uploads\/2013\/01\/Oppidum-6-180x251.jpg\"><p>Oppidum 6<\/p><\/a><\/li><li><a href=\"http:\/\/lacetans.org\/solsonesmemoria\/publicacions\/oppidum-7\/\">\n        <img decoding=\"async\" src=\"http:\/\/lacetans.org\/solsonesmemoria\/wp-content\/uploads\/2013\/01\/Oppidum-7-180x247.jpg\"><p>Oppidum 7<\/p><\/a><\/li><li><a href=\"http:\/\/lacetans.org\/solsonesmemoria\/publicacions\/oppidum-8\/\">\n        <img decoding=\"async\" src=\"http:\/\/lacetans.org\/solsonesmemoria\/wp-content\/uploads\/2013\/01\/Oppidum-8-180x247.jpg\"><p>Oppidum 8<\/p><\/a><\/li><\/ul>\n<h2>Col\u00b7lecci\u00f3 Estudis i Textos del Solson\u00e8s<\/h2>\n<p>La col\u00b7lecci\u00f3 Estudis i textos del Solson\u00e8s editada pel Centre d&#8217;Estudis Lacetans i Arxiu Comarcal del Solson\u00e8s est\u00e0 dedicada a treballs que per la seva extensi\u00f3 excedeixen la revista Oppidum i que impliquen una major profunditat en el desenvolupament del tema tractat.<\/p>\n<ul class=\"publicacions\"><li class=\"primer\"><a href=\"http:\/\/lacetans.org\/solsonesmemoria\/publicacions\/andreu-galera-la-castlania-del-castell-de-riner\/\">\n        <img decoding=\"async\" src=\"http:\/\/lacetans.org\/solsonesmemoria\/wp-content\/uploads\/2013\/04\/1330_La-Castlania-castell-Riner-180x249.jpg\"><p>Andreu Galera. La castlania del castell de Riner.<\/p><\/a><\/li><li><a href=\"http:\/\/lacetans.org\/solsonesmemoria\/publicacions\/esther-miralles-fotogrames-entre-la-llum-i-la-foscor-el-cinema-al-solsones-al-segle-xx-2008\/\">\n        <img decoding=\"async\" src=\"http:\/\/lacetans.org\/solsonesmemoria\/wp-content\/uploads\/2013\/01\/Sin-t\u00edtulo-2-180x186.jpg\"><p>Esther Miralles. Fotogrames entre la llum i la foscor. El Cinema al Solson\u00e8s al segle XX. (2008)<\/p><\/a><\/li><li><a href=\"http:\/\/lacetans.org\/solsonesmemoria\/publicacions\/joan-fornell-i-espunya-un-liberal-en-terra-de-carlins-memories-de-joan-fornell-2006\/\">\n        <img decoding=\"async\" src=\"http:\/\/lacetans.org\/solsonesmemoria\/wp-content\/uploads\/2013\/01\/Nueva-imagen.bmp\"><p>Joan Fornell i Espunya. Un liberal en terra de carlins. Mem\u00f2ries de Joan Fornell. (2006)<\/p><\/a><\/li><\/ul>\n<p>&nbsp;<\/p>\n<h2>Altres publicacions<\/h2>\n<p>Monografies editades pel Centre d&#8217;Estudis Lacetans<\/p>\n<p>&nbsp;<\/p>\n<figure class=\"alignnone\" style=\"width: 207px\"><a title=\"Marcel\u00b7l\u00ed Corominas i Jordi T\u00e0sies. Un immoble al servei de la ciutat (2012)\" href=\"http:\/\/lacetans.org\/solsonesmemoria\/publicacions\/marcel%c2%b7li-corominas-i-jordi-tasies-un-immoble-al-servei-de-la-ciutat-2012\/\"><img loading=\"lazy\" decoding=\"async\" alt=\"Llibre Escolapis - Portada p\" src=\"http:\/\/lacetans.org\/solsonesmemoria\/wp-content\/uploads\/2013\/03\/Llibre-Escolapis-Portada-p-345x474.jpg\" width=\"207\" height=\"284\" \/><\/a><figcaption>Marcel\u00b7l\u00ed Corominas i Jordi T\u00e0sies. Un immoble al servei de la ciutat (2012)<\/figcaption><\/figure>\n<p>&nbsp;<\/p>\n<p>&nbsp;<\/p>\n<h2>Autors<\/h2>\n<table class=\"dinamic\">\n<thead>\n<tr>\n<th><b>Autor<\/b><\/th>\n<th><b>Article<\/b><\/th>\n<th><b><i>Oppidum<\/i><\/b><\/th>\n<\/tr>\n<\/thead>\n<tbody>\n<tr>\n<td valign=\"top\" width=\"147\">Andreu Galera i Pedrosa<\/td>\n<td valign=\"top\" width=\"248\">El Comtat de Cardona, l\u2019any 1433. Territori i homes segons les presses de possessi\u00f3 fetes per Joan de Marimon, ciutad\u00e0 honrat de Barcelona.<\/td>\n<td valign=\"top\" width=\"71\">N\u00fam. 5<\/td>\n<\/tr>\n<tr>\n<td valign=\"top\" width=\"147\">Andreu Galera i Pedrosa<\/td>\n<td valign=\"top\" width=\"248\">La permuta del castell de Lladurs pel lloc de Moell (actual Pujol del Rac\u00f3 o de Mosoll) entre l\u2019abat de Sant Serni de Tav\u00e9rnoles i el vescomte de Cardona(any 1304)<\/td>\n<td valign=\"top\" width=\"71\">N\u00fam. 3<\/td>\n<\/tr>\n<tr>\n<td valign=\"top\" width=\"147\">Andreu Galera i Pedrosa<\/td>\n<td valign=\"top\" width=\"248\">La Uni\u00f3 d\u2019Armes del Ducat de Cardona contra lladres, malfactors i bandolers (1566)<\/td>\n<td valign=\"top\" width=\"71\">N\u00fam. 4<\/td>\n<\/tr>\n<tr>\n<td valign=\"top\" width=\"147\">Andreu Galera i Pedrosa<\/td>\n<td valign=\"top\" width=\"248\">El molins de l\u2019abadia de Ripoll en els termes i parr\u00f2quies de Sorba i Gargall\u00e0 (Montmajor, Bergued\u00e0) .<\/td>\n<td valign=\"top\" width=\"71\">N\u00fam. 6<\/td>\n<\/tr>\n<tr>\n<td valign=\"top\" width=\"147\">CarIes Quevedo i Garcia<\/td>\n<td valign=\"top\" width=\"248\">El setmanari El Rebenque. Notes d\u2019un conflicte pel control del poder local a Solsona de comen\u00e7aments del segle XX.<\/td>\n<td valign=\"top\" width=\"71\">N\u00fam. 5<\/td>\n<\/tr>\n<tr>\n<td valign=\"top\" width=\"147\">Carles Quevedo i Garcia<\/td>\n<td valign=\"top\" width=\"248\">Escola, pol\u00edtica i control. L\u2019ensenyament p\u00fablic a Solsona a finals del segle XIX (1881-1900)<\/td>\n<td valign=\"top\" width=\"71\">N\u00fam. 4<\/td>\n<\/tr>\n<tr>\n<td valign=\"top\" width=\"147\">Carles Quevedo i Garcia<\/td>\n<td valign=\"top\" width=\"248\">Els (mal)anomenats papers de Salamanca i el Solson\u00e8s. Un solson\u00ed a l\u2019<i>Oficina de Recuperaci\u00f3n de Documentos<\/i> (1937-1939).<\/td>\n<td valign=\"top\" width=\"71\">N\u00fam. 9<\/td>\n<\/tr>\n<tr>\n<td valign=\"top\" width=\"147\">Claustre Aug\u00e9 i Serra,Voravit Roonthiva<\/td>\n<td valign=\"top\" width=\"248\">La Pedra: vida i obra d\u2019un retaule.<\/td>\n<td valign=\"top\" width=\"71\">N\u00fam. 8<\/td>\n<\/tr>\n<tr>\n<td valign=\"top\" width=\"147\">Claustre Rafart i Planas<\/td>\n<td valign=\"top\" width=\"248\">L\u2019harem gosol\u00e0 de Pablo Picasso<\/td>\n<td valign=\"top\" width=\"71\">N\u00fam. 3<\/td>\n<\/tr>\n<tr>\n<td valign=\"top\" width=\"147\">Claustre Rafart i Planas<\/td>\n<td valign=\"top\" width=\"248\">Nova lectura d\u2019un monstre i un cavall de Pablo Picasso<\/td>\n<td valign=\"top\" width=\"71\">N\u00fam. 7<\/td>\n<\/tr>\n<tr>\n<td valign=\"top\" width=\"147\">Daniel Codina i Giol<\/td>\n<td valign=\"top\" width=\"248\">La m\u00fasica en el santuari del Miracle. L\u2019orgue, els organistes i altres m\u00fasics<\/td>\n<td valign=\"top\" width=\"71\">N\u00fam. 2<\/td>\n<\/tr>\n<tr>\n<td valign=\"top\" width=\"147\">David Asensio i Vilar\u00f3,Ramon Cardona \u00a1 Colell,Conxita Ferrer i \u00c0lvarez,Jordi Morer de Llorens,Josep Pou i Vall\u00e8s<\/td>\n<td valign=\"top\" width=\"248\">Les excavacions arqueol\u00f2giques en el jaciment iberorom\u00e0 i medieval de la Codina (Pinell, Solson\u00e8s). Campanyes de 1996 i 1997<\/td>\n<td valign=\"top\" width=\"71\">N\u00fam. 1<\/td>\n<\/tr>\n<tr>\n<td valign=\"top\" width=\"147\">David Asensio i Vilar\u00f3,Ramon Cardona i Colell,Conxita Ferrer i \u00c0lvarez,Jordi Morer de Lorens,Josep Pou i Vall\u00e8s<\/td>\n<td valign=\"top\" width=\"248\">El jaciment de la Codina (PinelI, Solson\u00e9s): un assentament d\u2019\u00e8poca ib\u00e9rica, romana i medieval<\/td>\n<td valign=\"top\" width=\"71\">N\u00fam. 2<\/td>\n<\/tr>\n<tr>\n<td valign=\"top\" width=\"147\">David Asensio i Vilar\u00f3,Ramon Cardona i Colell,Conxita Ferrer i \u00c0lvarez,Jordi Morer de Lorens,Josep Pou i Vall\u00e8s<\/td>\n<td valign=\"top\" width=\"248\">El jaciment ib\u00e8ric de Sant Esteve d\u2019Olius (Olius, Solson\u00e8s): un centre d\u2019acumulaci\u00f3 d\u2019excedent agr\u00edcola del segle III aC a la Lacet\u00e1nia.<\/td>\n<td valign=\"top\" width=\"71\">N\u00fam. 2<\/td>\n<\/tr>\n<tr>\n<td valign=\"top\" width=\"147\">David Asensio i Vilar\u00f3,Ramon Cardona i Colell,Conxita Ferrer i \u00c0lvarez,Jordi Morer de Lorens,Josep Pou i Vall\u00e8sOriol Saula<\/td>\n<td valign=\"top\" width=\"248\">Noves intervencions arqueol\u00f2giques a l\u2019assentament fortificat ilergeta dels Estinclells (Verd\u00fa, Urgell)<\/td>\n<td valign=\"top\" width=\"71\">N\u00fam. 3<\/td>\n<\/tr>\n<tr>\n<td valign=\"top\" width=\"147\">David Guix\u00e9 i Coromines<\/td>\n<td valign=\"top\" width=\"248\">La vegetaci\u00f3 del Solson\u00e8s \u201cComunitats zonals\u201d<\/td>\n<td valign=\"top\" width=\"71\">N\u00fam. 3<\/td>\n<\/tr>\n<tr>\n<td valign=\"top\" width=\"147\">David Guix\u00e9,Gl\u00f2ria Mujal,Montse Rodr\u00edguez,Ferm\u00ed Sort,N\u00faria Serena<\/td>\n<td valign=\"top\" width=\"248\">Estat ecol\u00f2gic dels boscos de ribera del municipi de Solsona. Propostes de gesti\u00f3.<\/td>\n<td valign=\"top\" width=\"71\">N\u00fam. 8<\/td>\n<\/tr>\n<tr>\n<td valign=\"top\" width=\"147\">David Guix\u00e9,Rafael Rocaspana,Montse Rodr\u00edguez<\/td>\n<td valign=\"top\" width=\"248\">Espais d\u2019inter\u00e8s natural \u00a1 esp\u00e8cies de flora i fauna priorit\u00e0ries al Solson\u00e8s<\/td>\n<td valign=\"top\" width=\"71\">N\u00fam. 4<\/td>\n<\/tr>\n<tr>\n<td valign=\"top\" width=\"147\">Enric Bartrina i Corominas<\/td>\n<td valign=\"top\" width=\"248\">Solsona, I\u2019Escorial deis Comtes d\u2019Urgell<\/td>\n<td valign=\"top\" width=\"71\">N\u00fam. 3<\/td>\n<\/tr>\n<tr>\n<td valign=\"top\" width=\"147\">Enric Bartrina i Corominas<\/td>\n<td valign=\"top\" width=\"248\">Els c\u00e0tars a Solsona<\/td>\n<td valign=\"top\" width=\"71\">N\u00fam. 2<\/td>\n<\/tr>\n<tr>\n<td valign=\"top\" width=\"147\">Enric Bartrina i Corominas<\/td>\n<td valign=\"top\" width=\"248\">Un bisbe de Solsona, Fra. Francesc Dorda, desterrat despr\u00e9s de l\u201911 de setembre de 1714.<\/td>\n<td valign=\"top\" width=\"71\">N\u00fam. 4<\/td>\n<\/tr>\n<tr>\n<td valign=\"top\" width=\"147\">Enric Bertran Gonz\u00e0lez<\/td>\n<td valign=\"top\" width=\"248\">De l\u2019aplec de Pasqua a la fira del Miracle<\/td>\n<td valign=\"top\" width=\"71\">N\u00fam. 2<\/td>\n<\/tr>\n<tr>\n<td valign=\"top\" width=\"147\">Enric Bertran i Gonz\u00e1lez<\/td>\n<td valign=\"top\" width=\"248\">La rellev\u00e0ncia territorial de les fires del Bancal de l\u2019Ar\u00e7 i ia Torregassa<\/td>\n<td valign=\"top\" width=\"71\">N\u00fam. 3<\/td>\n<\/tr>\n<tr>\n<td valign=\"top\" width=\"147\">Enric Bertran i Gonz\u00e0lez<\/td>\n<td valign=\"top\" width=\"248\">La Fira del Bancal, una fira que vingu\u00e9 de fora<\/td>\n<td valign=\"top\" width=\"71\">N\u00fam. 1<\/td>\n<\/tr>\n<tr>\n<td valign=\"top\" width=\"147\">Enric Bertran i Gonz\u00e0lez<\/td>\n<td valign=\"top\" width=\"248\">El Cicle de confer\u00e8ncies sobre la divisi\u00f3 territorial de Catalunya (Solsona, 1985), organitzat pel Centre d\u2019Estudis del Solson\u00e8s.<\/td>\n<td valign=\"top\" width=\"71\">N\u00fam. 8<\/td>\n<\/tr>\n<tr>\n<td valign=\"top\" width=\"147\">Ester Blanco Casellas,Jordi Gen\u00e9 Sera<\/td>\n<td valign=\"top\" width=\"248\">La planificaci\u00f3 forestal en els boscos d\u2019Utilitat P\u00fablica al Solson\u00e8s<\/td>\n<td valign=\"top\" width=\"71\">N\u00fam. 2<\/td>\n<\/tr>\n<tr>\n<td valign=\"top\" width=\"147\">Esther Miralles i Henares,<\/td>\n<td valign=\"top\" width=\"248\">El ferrocarril de Bassella. Cr\u00f2nica d\u2019un projecte oblidat<\/td>\n<td valign=\"top\" width=\"71\">N\u00fam. 5<\/td>\n<\/tr>\n<tr>\n<td valign=\"top\" width=\"147\">Esther Miralles i Henares,Jordi Guix\u00e9 i Coromines<\/td>\n<td valign=\"top\" width=\"248\">V\u00edctimes de la Guerra Civil i el franquisme al Solson\u00e8s (1936-1954).<\/td>\n<td valign=\"top\" width=\"71\">N\u00fam. 6<\/td>\n<\/tr>\n<tr>\n<td valign=\"top\" width=\"147\">Esther Miralles i Henares,Jordi Guix\u00e9 I Coromines<\/td>\n<td valign=\"top\" width=\"248\">V\u00edctimes de la Guerra civil I el franquisme al Solson\u00e8s de fora de la comarca (1936-1954)<\/td>\n<td valign=\"top\" width=\"71\">N\u00fam. 7<\/td>\n<\/tr>\n<tr>\n<td valign=\"top\" width=\"147\">Felip Vendrell<\/td>\n<td valign=\"top\" width=\"248\">Torrats de sol<\/td>\n<td valign=\"top\" width=\"71\">N\u00fam. 3<\/td>\n<\/tr>\n<tr>\n<td valign=\"top\" width=\"147\">Felip Vendrell<\/td>\n<td valign=\"top\" width=\"248\">Un rellotge aturat. Camins ramaders, esquelles, collars musicats i el llenguatge dels pastors.<\/td>\n<td valign=\"top\" width=\"71\">N\u00fam. 4<\/td>\n<\/tr>\n<tr>\n<td valign=\"top\" width=\"147\">Felip Vendrell<\/td>\n<td valign=\"top\" width=\"248\">Un cant a la primavera. Les caramelles del Solson\u00e9s.<\/td>\n<td valign=\"top\" width=\"71\">N\u00fam. 5<\/td>\n<\/tr>\n<tr>\n<td valign=\"top\" width=\"147\">Florenci Codina Reig,Joan Parramon Marb\u00e0.<\/td>\n<td valign=\"top\" width=\"248\">Notes ornitol\u00f2giques de la comarca del Solson\u00e8s (prov\u00edncia de Lleida)<\/td>\n<td valign=\"top\" width=\"71\">N\u00fam. 2<\/td>\n<\/tr>\n<tr>\n<td valign=\"top\" width=\"147\">Gl\u00f2ria Mujal,Dani Villero,David Guix\u00e9,Ferm\u00ed Sort,Mati Morales,N\u00faria Serena,Montse Rodr\u00edguez,Sara Vila,Joan Marcel\u00f3,Marc Carrera.<\/td>\n<td valign=\"top\" width=\"248\">Les basses de Brics i l\u2019embassament de l\u2019Alsina. Els primers espais naturals del Solson\u00e8s amb un projecte de conservaci\u00f3 i cust\u00f2dia<\/td>\n<td valign=\"top\" width=\"71\">N\u00fam. 6<\/td>\n<\/tr>\n<tr>\n<td valign=\"top\" width=\"147\">Isidre Fern\u00e1ndez i Berm\u00fadez,Elisenda Asturiol i Castell\u00f3<\/td>\n<td valign=\"top\" width=\"248\">L\u2019escultor Jacint Morat\u00f3 Soler: Castellter\u00e7ol, 1682 \u2013 Solsona, 1736<\/td>\n<td valign=\"top\" width=\"71\">N\u00fam. 8<\/td>\n<\/tr>\n<tr>\n<td valign=\"top\" width=\"147\">Jaume Adam\u00a0 i Vidal<\/td>\n<td valign=\"top\" width=\"248\">El terme parroquial de Sant Juli\u00e0 dels Torrents al tombant del segle XVI<\/td>\n<td valign=\"top\" width=\"71\">N\u00fam. 8<\/td>\n<\/tr>\n<tr>\n<td valign=\"top\" width=\"147\">Jaume Adam i Vidal<\/td>\n<td valign=\"top\" width=\"248\">Not\u00edcia d\u2019un plet a la Vila de Sant Lloren\u00e7 de Morunys a finals del segle XVIII<\/td>\n<td valign=\"top\" width=\"71\">N\u00fam. 7<\/td>\n<\/tr>\n<tr>\n<td valign=\"top\" width=\"147\">Joan Vilamala i Terricabres<\/td>\n<td valign=\"top\" width=\"248\">Segimon Pujol i Santal\u00f3, \u201cestatuari acreditat\u201d, escultor de Sant Lloren\u00e7 de Morunys.<\/td>\n<td valign=\"top\" width=\"71\">N\u00fam. 9<\/td>\n<\/tr>\n<tr>\n<td valign=\"top\" width=\"147\">Jordi Cardona i Regada<\/td>\n<td valign=\"top\" width=\"248\">Un salt d\u2019aigua, un salt en el temps: hist\u00f2ria d\u2019un mol\u00ed.<\/td>\n<td valign=\"top\" width=\"71\">N\u00fam. 6<\/td>\n<\/tr>\n<tr>\n<td valign=\"top\" width=\"147\">Jordi Chor\u00e9n,Noelia Calduch<\/td>\n<td valign=\"top\" width=\"248\">L\u2019assentament ib\u00e9ric de Sant Esteve d\u2019Olius (Olius, Solson\u00e9s): intervenci\u00f3 a la muralla i al cam\u00ed d\u2019acc\u00e9s. Primera fase de l\u2019adequaci\u00f3 del camp de Sitges fortificat del segle II aC<\/td>\n<td valign=\"top\" width=\"71\">N\u00fam. 5<\/td>\n<\/tr>\n<tr>\n<td valign=\"top\" width=\"147\">Jordi Guix\u00e9 i Coromines<\/td>\n<td valign=\"top\" width=\"248\">Els deportats solsonins als camps Nazis<\/td>\n<td valign=\"top\" width=\"71\">N\u00fam. 5<\/td>\n<\/tr>\n<tr>\n<td valign=\"top\" width=\"147\">Jordi Guix\u00e9 i Coromines<\/td>\n<td valign=\"top\" width=\"248\">El conflicte de l\u2019Ateneu. El pal de paller de la reconquesta del poder municipal a Solsona durant el primer franquisme (1939-1945).<\/td>\n<td valign=\"top\" width=\"71\">N\u00fam. 3<\/td>\n<\/tr>\n<tr>\n<td valign=\"top\" width=\"147\">Jordi P\u00e9rez i Conill,A. Ram\u00f3n Conill i Gran\u00e9<\/td>\n<td valign=\"top\" width=\"248\">Aportaci\u00f3 a la 1a Edat del Ferro de l\u2018interior i occident catal\u00e0<\/td>\n<td valign=\"top\" width=\"71\">N\u00fam. 3<\/td>\n<\/tr>\n<tr>\n<td valign=\"top\" width=\"147\">Jordi Tasies i Planas<\/td>\n<td valign=\"top\" width=\"248\">Els Bordons: Una fam\u00edlia de mestres de fer orgues de Solsona (s. XVIXVII)<\/td>\n<td valign=\"top\" width=\"71\">N\u00fam. 1<\/td>\n<\/tr>\n<tr>\n<td valign=\"top\" width=\"147\">Jordi Tasies i Planas<\/td>\n<td valign=\"top\" width=\"248\">Notes sobre els mestres de capella de la catedral de Solsona al segle XVIII<\/td>\n<td valign=\"top\" width=\"71\">N\u00fam. 4<\/td>\n<\/tr>\n<tr>\n<td valign=\"top\" width=\"147\">Jordi Torner i Planell<\/td>\n<td valign=\"top\" width=\"248\">La difusi\u00f3 i l\u2019Arxiu Hist\u00f2ric Comarcal de Solsona<\/td>\n<td valign=\"top\" width=\"71\">N\u00fam. 1<\/td>\n<\/tr>\n<tr>\n<td valign=\"top\" width=\"147\">Jordi Torner i Planell<\/td>\n<td valign=\"top\" width=\"248\">Un projecte museol\u00f2gic en temps de guerra (1937). El Museu de la vegueria de Manresa.<\/td>\n<td valign=\"top\" width=\"71\">N\u00fam. 9<\/td>\n<\/tr>\n<tr>\n<td valign=\"top\" width=\"147\">Josep Castany i Lluss\u00e0<\/td>\n<td valign=\"top\" width=\"248\">Carta d\u2019un arque\u00f2leg a Miquel Cura des de Solsona<\/td>\n<td valign=\"top\" width=\"71\">N\u00fam. 2<\/td>\n<\/tr>\n<tr>\n<td valign=\"top\" width=\"147\">Josep Castany,L\u00eddia F\u00e0bregas,Montse Marsi\u00f1ach<\/td>\n<td valign=\"top\" width=\"248\">El Grup de Prehist\u00f2ria del Solson\u00e8s (GPS). La prehist\u00f2ria a la comarca avui.<\/td>\n<td valign=\"top\" width=\"71\">N\u00fam. 8<\/td>\n<\/tr>\n<tr>\n<td valign=\"top\" width=\"147\">Josep Castany,L\u00eddia F\u00e0bregas,Llu\u00eds Guerrero,Ariadna Baulenas<\/td>\n<td valign=\"top\" width=\"248\">La Necr\u00f3polis megal\u00edtica del collet del S\u00e1lzer. (Od\u00e9n, Solson\u00e9s)<\/td>\n<td valign=\"top\" width=\"71\">N\u00fam. 5<\/td>\n<\/tr>\n<tr>\n<td valign=\"top\" width=\"147\">Josep M. Llobet i Portella<\/td>\n<td valign=\"top\" width=\"248\">Una sent\u00e8ncia relacionada amb una fam\u00edlia de jueus de Solsona (1460)<\/td>\n<td valign=\"top\" width=\"71\">N\u00fam. 1<\/td>\n<\/tr>\n<tr>\n<td valign=\"top\" width=\"147\">Josep M. Llobet i Portella<\/td>\n<td valign=\"top\" width=\"248\">El proc\u00e9s d\u2019execuci\u00f3 d\u2019un breu apost\u00f2lic de l\u2019any 1704 relacionat amb l\u2019esgl\u00e9sia de Santa Maria del Socors de l\u2019Hospital de Pobres de Solsona<\/td>\n<td valign=\"top\" width=\"71\">N\u00fam. 2<\/td>\n<\/tr>\n<tr>\n<td valign=\"top\" width=\"147\">Juan Mart\u00ednez de Arag\u00f3n,Jos\u00e9 Antonio Bonet,Daniel Oliach,Fischer Christine,Carlos Colinas<\/td>\n<td valign=\"top\" width=\"248\">EIs bolets a les pinedes del Solson\u00e9s<\/td>\n<td valign=\"top\" width=\"71\">N\u00fam. 5<\/td>\n<\/tr>\n<tr>\n<td valign=\"top\" width=\"147\">Llu\u00eds Guerrero i Sala<\/td>\n<td valign=\"top\" width=\"248\">En record a Miquel Cura i Morera<\/td>\n<td valign=\"top\" width=\"71\">N\u00fam. 2<\/td>\n<\/tr>\n<tr>\n<td valign=\"top\" width=\"147\">Maite Pedrol Gim\u00e9nez<\/td>\n<td valign=\"top\" width=\"248\">El fons de I\u2019Ajuntament de la Ciutat de Solsona de l\u2019Arxiu Hist\u00f2ric Comarcal de Solsona<\/td>\n<td valign=\"top\" width=\"71\">N\u00fam. 2<\/td>\n<\/tr>\n<tr>\n<td valign=\"top\" width=\"147\">Maite Pedrol Gim\u00e9nez<\/td>\n<td valign=\"top\" width=\"248\">Els fons documentals judicials de Solsona conservats a I\u2019Arxiu Hist\u00f3ric Comarcal de Solsona<\/td>\n<td valign=\"top\" width=\"71\">N\u00fam. 3<\/td>\n<\/tr>\n<tr>\n<td valign=\"top\" width=\"147\">Manuel Riu i Riu<\/td>\n<td valign=\"top\" width=\"248\">Els C\u00f3dol, barons de Canalda<\/td>\n<td valign=\"top\" width=\"71\">N\u00fam. 3<\/td>\n<\/tr>\n<tr>\n<td valign=\"top\" width=\"147\">Manuel Riu i Riu<\/td>\n<td valign=\"top\" width=\"248\">L\u2019Arqueologia medieval al Solson\u00e8s<\/td>\n<td valign=\"top\" width=\"71\">N\u00fam. 1<\/td>\n<\/tr>\n<tr>\n<td valign=\"top\" width=\"147\">Marc Torras i Serra<\/td>\n<td valign=\"top\" width=\"248\">Els documents en pergam\u00ed del mas Miquel dels Quadrells<\/td>\n<td valign=\"top\" width=\"71\">N\u00fam. 6<\/td>\n<\/tr>\n<tr>\n<td valign=\"top\" width=\"147\">Marcel Camps i Colom\u00e9s<\/td>\n<td valign=\"top\" width=\"248\">La literatura al Solson\u00e8s: una primera aproximaci\u00f3.<\/td>\n<td valign=\"top\" width=\"71\">N\u00fam. 9<\/td>\n<\/tr>\n<tr>\n<td valign=\"top\" width=\"147\">Maria Gargant\u00e9 i Llanes<\/td>\n<td valign=\"top\" width=\"248\">El bisbe Lasala i el seu mecenatge art\u00edstic a la ciutat de Solsona.<\/td>\n<td valign=\"top\" width=\"71\">N\u00fam. 9<\/td>\n<\/tr>\n<tr>\n<td valign=\"top\" width=\"147\">Maria Gargant\u00e9 Llanes<\/td>\n<td valign=\"top\" width=\"248\">Del g\u00f2tic a un cert classicisme: de les obres de la Catedral de Solsona a la construcci\u00f3 de l\u2019Hospital de Pere M\u00e1rtir Colom\u00e9s.<\/td>\n<td valign=\"top\" width=\"71\">N\u00fam. 2<\/td>\n<\/tr>\n<tr>\n<td valign=\"top\" width=\"147\">Maria Gargant\u00e9 Llanes<\/td>\n<td valign=\"top\" width=\"248\">La construcci\u00f3 del monestir benedict\u00ed del Miracle i el mestre d\u2019obres Ramon Riera: aproximaci\u00f3 al seu estudi<\/td>\n<td valign=\"top\" width=\"71\">N\u00fam. 3<\/td>\n<\/tr>\n<tr>\n<td valign=\"top\" width=\"147\">Maribel Bella i Orrit, Llu\u00efsa Camps i Sol\u00e9<\/td>\n<td valign=\"top\" width=\"248\">Relats de dones: d\u2019Andalusia al Solson\u00e8s. Un projecte de reconstrucci\u00f3 de la mem\u00f2ria hist\u00f2rica.<\/td>\n<td valign=\"top\" width=\"71\">N\u00fam. 6<\/td>\n<\/tr>\n<tr>\n<td valign=\"top\" width=\"147\">Miquel Cura i Morera<\/td>\n<td valign=\"top\" width=\"248\">A prop\u00f2sit del m\u00f3n ib\u00e8ric i les aportacions del Museu Dioces\u00e0 de Solsona al seu coneixement a la Catalunya central.<\/td>\n<td valign=\"top\" width=\"71\">N\u00fam. 1<\/td>\n<\/tr>\n<tr>\n<td valign=\"top\" width=\"147\">Miquel Cura i Morera<\/td>\n<td valign=\"top\" width=\"248\">A prop\u00f2sit deis poblats preromans de la comarca del Solson\u00e8s: una autorevisi\u00f3 cr\u00edtica i noves propostes te\u00f2riques<\/td>\n<td valign=\"top\" width=\"71\">N\u00fam. 2<\/td>\n<\/tr>\n<tr>\n<td valign=\"top\" width=\"147\">Montserrat Mol\u00ed i Frigola<\/td>\n<td valign=\"top\" width=\"248\">El paisatge del Retaule del Miracle<\/td>\n<td valign=\"top\" width=\"71\">N\u00fam. 7<\/td>\n<\/tr>\n<tr>\n<td valign=\"top\" width=\"147\">Pere Cascante i Torrella<\/td>\n<td valign=\"top\" width=\"248\">La intervenci\u00f3 arqueol\u00f2gica al portal del pont i al pou de gel de Solsona<\/td>\n<td valign=\"top\" width=\"71\">N\u00fam. 4<\/td>\n<\/tr>\n<tr>\n<td valign=\"top\" width=\"147\">Pere Cascante i Torrella<\/td>\n<td valign=\"top\" width=\"248\">Resultats de les darreres intervencions arqueol\u00f2giques portades a terme al nucli antic de Solsona (Solson\u00e8s)<\/td>\n<td valign=\"top\" width=\"71\">N\u00fam. 8<\/td>\n<\/tr>\n<tr>\n<td valign=\"top\" width=\"147\">Rafael Jornet i Niella,Dani L\u00f3pez i Reyes,Josep Pou i Vall\u00e8s<\/td>\n<td valign=\"top\" width=\"248\">Introducci\u00f3, assimilaci\u00f3 i control del conreu de la vinya i la producci\u00f3 vin\u00edcola a Catalunya: El cas del jaciment de la primera edat de ferro del Tur\u00f3 de la Font de la Canya (Avinyonet del Pened\u00e8s)<\/td>\n<td valign=\"top\" width=\"71\">N\u00fam. 4<\/td>\n<\/tr>\n<tr>\n<td valign=\"top\" width=\"147\">Rafael P\u00e9rez i Cabanes<\/td>\n<td valign=\"top\" width=\"248\">El bisbe Lasala en un temps controvertit<\/td>\n<td valign=\"top\" width=\"71\">N\u00fam. 4<\/td>\n<\/tr>\n<tr>\n<td valign=\"top\" width=\"147\">Rafael Rocaspana,David Guix\u00e9<\/td>\n<td valign=\"top\" width=\"248\">La comunitat de peixos del Solson\u00e9s<\/td>\n<td valign=\"top\" width=\"71\">N\u00fam. 3<\/td>\n<\/tr>\n<tr>\n<td valign=\"top\" width=\"147\">Ramon Cardona i Colell<\/td>\n<td valign=\"top\" width=\"248\">Aparici\u00f3 de restes in\u00e8dites del castell de Granyena, el primer assentament templer en terres catalanes.<\/td>\n<td valign=\"top\" width=\"71\">N\u00fam. 6<\/td>\n<\/tr>\n<tr>\n<td valign=\"top\" width=\"147\">Ramon Planes Albets<\/td>\n<td valign=\"top\" width=\"248\">El \u201cResumen hist\u00f3rico de la guerra civil en el centro de la alta Catalu\u00f1a, concretado a los distritos de Cardona, Solsona y Berga (1835- 1838)\u201d de Ramon Franch i Font<\/td>\n<td valign=\"top\" width=\"71\">N\u00fam. 3<\/td>\n<\/tr>\n<tr>\n<td valign=\"top\" width=\"147\">Ramon Planes i Albets<\/td>\n<td valign=\"top\" width=\"248\">Les Ordinacions de la Mostassaferia de Solsona de 1590<\/td>\n<td valign=\"top\" width=\"71\">N\u00fam. 1<\/td>\n<\/tr>\n<tr>\n<td valign=\"top\" width=\"147\">Ramon Planes i Albets<\/td>\n<td valign=\"top\" width=\"248\">El testament del mercader Joan de Llobera (Barcelona 1437)<\/td>\n<td valign=\"top\" width=\"71\">N\u00fam. 2<\/td>\n<\/tr>\n<tr>\n<td valign=\"top\" width=\"147\">Ramon Planes i Albets<\/td>\n<td valign=\"top\" width=\"248\">Cartes de Joan Serra i Vilar\u00f3 a Llu\u00eds Plandiura des del Museu Dioces\u00e0 de Solsona (1921-1922)<\/td>\n<td valign=\"top\" width=\"71\">N\u00fam. 4<\/td>\n<\/tr>\n<tr>\n<td valign=\"top\" width=\"147\">Ramon Planes i Albets<\/td>\n<td valign=\"top\" width=\"248\">El testament del mercader Pere C\u00f2dol (sant Lloren\u00e7 de Morunys, 1438) i el retaule del Sant Esperit i Sant Joan Evangelista de Pere Serra<\/td>\n<td valign=\"top\" width=\"71\">N\u00fam. 7<\/td>\n<\/tr>\n<tr>\n<td valign=\"top\" width=\"147\">Ramon Planes i Albets<\/td>\n<td valign=\"top\" width=\"248\">Pagar per evitar el servei militar espanyol: el conveni de Lladurs de 1852 i (el fot\u00f2graf) Adolf Mas alliberat d\u2019anar a les Filipines.<\/td>\n<td valign=\"top\" width=\"71\">N\u00fam. 9<\/td>\n<\/tr>\n<tr>\n<td valign=\"top\" width=\"147\">Robert Dur\u00f3 i Fort<\/td>\n<td valign=\"top\" width=\"248\">La pres\u00f3 de Solsona durant la Guerra Civil. 1938-1939.<\/td>\n<td valign=\"top\" width=\"71\">N\u00fam. 9<\/td>\n<\/tr>\n<tr>\n<td valign=\"top\" width=\"147\">Rosa Maria Vila i Gangolells,Jordi Torner i Planell<\/td>\n<td valign=\"top\" width=\"248\">Inventariaci\u00f3 del fons documental de les mines de Cardona (s.XX). Algunes reflexions metodol\u00f2giques.<\/td>\n<td valign=\"top\" width=\"71\">N\u00fam. 7<\/td>\n<\/tr>\n<\/tbody>\n<\/table>\n<h2><\/h2>\n","protected":false},"excerpt":{"rendered":"<p>El Centre d&#8217;Estudis Lacetans, junt amb l&#8217;Arxiu Comarcal del Solson\u00e8s, en la seva vocaci\u00f3 de promoure el coneixement i divulgar el patrimoni natural i cultural de la comarca, t\u00e9 dues l\u00ednies de publicacions que treuen a la llum recerques in\u00e8dites, aprofundides i amb rigor cient\u00edfic, tant des de l&#8217;ambit de les ci\u00e8ncies naturals com les [&hellip;]<\/p>\n","protected":false},"author":1,"featured_media":337,"parent":0,"menu_order":35,"comment_status":"closed","ping_status":"closed","template":"","meta":{"footnotes":""},"class_list":["post-131","page","type-page","status-publish","has-post-thumbnail","hentry"],"_links":{"self":[{"href":"http:\/\/lacetans.org\/solsonesmemoria\/wp-json\/wp\/v2\/pages\/131"}],"collection":[{"href":"http:\/\/lacetans.org\/solsonesmemoria\/wp-json\/wp\/v2\/pages"}],"about":[{"href":"http:\/\/lacetans.org\/solsonesmemoria\/wp-json\/wp\/v2\/types\/page"}],"author":[{"embeddable":true,"href":"http:\/\/lacetans.org\/solsonesmemoria\/wp-json\/wp\/v2\/users\/1"}],"replies":[{"embeddable":true,"href":"http:\/\/lacetans.org\/solsonesmemoria\/wp-json\/wp\/v2\/comments?post=131"}],"version-history":[{"count":30,"href":"http:\/\/lacetans.org\/solsonesmemoria\/wp-json\/wp\/v2\/pages\/131\/revisions"}],"predecessor-version":[{"id":133,"href":"http:\/\/lacetans.org\/solsonesmemoria\/wp-json\/wp\/v2\/pages\/131\/revisions\/133"}],"wp:featuredmedia":[{"embeddable":true,"href":"http:\/\/lacetans.org\/solsonesmemoria\/wp-json\/wp\/v2\/media\/337"}],"wp:attachment":[{"href":"http:\/\/lacetans.org\/solsonesmemoria\/wp-json\/wp\/v2\/media?parent=131"}],"curies":[{"name":"wp","href":"https:\/\/api.w.org\/{rel}","templated":true}]}}