{"id":128,"date":"2012-12-13T09:17:36","date_gmt":"2012-12-13T09:17:36","guid":{"rendered":"http:\/\/lacetans.org\/solsonesmemoria\/?page_id=128"},"modified":"2013-03-16T12:45:21","modified_gmt":"2013-03-16T12:45:21","slug":"cel","status":"publish","type":"page","link":"http:\/\/lacetans.org\/solsonesmemoria\/cel\/","title":{"rendered":"L&#8217;entitat"},"content":{"rendered":"<p><strong>EL CENTRE D\u2019ESTUDIS LACETANS (CEL) <\/strong>\u00a0\u00e9s una associaci\u00f3 que va n\u00e9ixer l\u2019any 1996 amb l\u2019objectiu de promoure i divulgar la recerca, difusi\u00f3, estudi i conservaci\u00f3 del patrimoni natural i cultural del Solson\u00e8s a partir de tres \u00e0mbits principals d\u2019actuaci\u00f3:<\/p>\n<p><a title=\"Arqueologia\" href=\"http:\/\/lacetans.org\/solsonesmemoria\/cel\/arqueologia\/\"><strong>ARQUEOLOGIA:<\/strong><\/a> Des de la secci\u00f3 d\u2019arqueologia es porten a terme accions destinades a estudiar i protegir jaciments arqueol\u00f2gics de primer ordre d\u2019\u00e8poques antigues i medievals<\/p>\n<p><a title=\"Natura\" href=\"http:\/\/lacetans.org\/solsonesmemoria\/cel\/natura\/\"><strong>NATURA:<\/strong><\/a> recerca, conservaci\u00f3, estudi i divulgaci\u00f3 del patrimoni natural de la comarca<\/p>\n<p><a title=\"Hist\u00f2ria\" href=\"http:\/\/lacetans.org\/solsonesmemoria\/cel\/historia\/\"><strong>HIST\u00d2RIA:<\/strong><\/a> estudi, reflexi\u00f3 i difusi\u00f3 de la hist\u00f2ria del Solson\u00e8s, amb especial \u00e8mfasi en el per\u00edode que abasta des de la proclamaci\u00f3 de la II Rep\u00fablica fins a la transici\u00f3 democr\u00e0tica.<\/p>\n<p><a title=\"Fotografia de natura\" href=\"http:\/\/lacetans.org\/solsonesmemoria\/cel\/fotografia-de-natura\/\"><strong>FOTOGRAFIA:<\/strong><\/a> documentar i difondre gr\u00e0ficament la riquesa natural de la comarca.<\/p>\n<p>El Centre d\u2019Estudis Lacetans participa, juntament amb d\u2019altres entitats, en les diferents manifestacions de la vida cultural de la comarca. Tamb\u00e9 col\u00b7labora amb les institucions del Solson\u00e8s, com els ajuntaments, el consell comarcal i especialment amb l\u2019Arxiu Comarcal del Solson\u00e8s amb qui edita conjuntament la revista de divulgaci\u00f3 cient\u00edfica i cultural Oppidum, aix\u00ed com la col\u00b7lecci\u00f3 <em>Estudis i textos del Solson\u00e8s<\/em>, dedicada a treballs que per la seva extensi\u00f3 excedeixen la revista <em>Oppidum<\/em>, i que impliquen una major profunditat en el desenvolupament del tema tractat.<\/p>\n<p><strong><a href=\"http:\/\/lacetans.solsonae.cat\/\" target=\"_blank\">Visita el nostre web: http:\/\/lacetans.solsonae.cat\/<\/a><\/strong><\/p>\n<p><a title=\"Fes-te soci!\" href=\"http:\/\/lacetans.org\/solsonesmemoria\/cel\/fes-te-soci\/\"><strong>Com col\u00b7laborar-hi\/fer-se&#8217;n soci<\/strong><\/a><\/p>\n<p>&nbsp;<\/p>\n","protected":false},"excerpt":{"rendered":"<p>EL CENTRE D\u2019ESTUDIS LACETANS (CEL) \u00a0\u00e9s una associaci\u00f3 que va n\u00e9ixer l\u2019any 1996 amb l\u2019objectiu de promoure i divulgar la recerca, difusi\u00f3, estudi i conservaci\u00f3 del patrimoni natural i cultural del Solson\u00e8s a partir de tres \u00e0mbits principals d\u2019actuaci\u00f3: ARQUEOLOGIA: Des de la secci\u00f3 d\u2019arqueologia es porten a terme accions destinades a estudiar i protegir [&hellip;]<\/p>\n","protected":false},"author":1,"featured_media":352,"parent":0,"menu_order":31,"comment_status":"closed","ping_status":"closed","template":"","meta":{"footnotes":""},"class_list":["post-128","page","type-page","status-publish","has-post-thumbnail","hentry"],"_links":{"self":[{"href":"http:\/\/lacetans.org\/solsonesmemoria\/wp-json\/wp\/v2\/pages\/128"}],"collection":[{"href":"http:\/\/lacetans.org\/solsonesmemoria\/wp-json\/wp\/v2\/pages"}],"about":[{"href":"http:\/\/lacetans.org\/solsonesmemoria\/wp-json\/wp\/v2\/types\/page"}],"author":[{"embeddable":true,"href":"http:\/\/lacetans.org\/solsonesmemoria\/wp-json\/wp\/v2\/users\/1"}],"replies":[{"embeddable":true,"href":"http:\/\/lacetans.org\/solsonesmemoria\/wp-json\/wp\/v2\/comments?post=128"}],"version-history":[{"count":15,"href":"http:\/\/lacetans.org\/solsonesmemoria\/wp-json\/wp\/v2\/pages\/128\/revisions"}],"predecessor-version":[{"id":230,"href":"http:\/\/lacetans.org\/solsonesmemoria\/wp-json\/wp\/v2\/pages\/128\/revisions\/230"}],"wp:featuredmedia":[{"embeddable":true,"href":"http:\/\/lacetans.org\/solsonesmemoria\/wp-json\/wp\/v2\/media\/352"}],"wp:attachment":[{"href":"http:\/\/lacetans.org\/solsonesmemoria\/wp-json\/wp\/v2\/media?parent=128"}],"curies":[{"name":"wp","href":"https:\/\/api.w.org\/{rel}","templated":true}]}}